{"id":3371,"date":"2024-07-16T07:47:42","date_gmt":"2024-07-16T05:47:42","guid":{"rendered":"https:\/\/www.elfrago.org\/?page_id=3371"},"modified":"2025-04-10T19:32:02","modified_gmt":"2025-04-10T17:32:02","slug":"hermanamiento","status":"publish","type":"page","link":"https:\/\/www.elfrago.org\/index.php\/hermanamiento\/","title":{"rendered":"Hermanamiento Baradili &#8211; El Frago"},"content":{"rendered":"\t\t<div data-elementor-type=\"wp-page\" data-elementor-id=\"3371\" class=\"elementor elementor-3371\" data-elementor-post-type=\"page\">\n\t\t\t\t\t\t\t\t\t<section class=\"elementor-section elementor-top-section elementor-element elementor-element-2a700bb elementor-section-boxed elementor-section-height-default elementor-section-height-default\" data-id=\"2a700bb\" data-element_type=\"section\">\n\t\t\t\t\t\t<div class=\"elementor-container elementor-column-gap-default\">\n\t\t\t\t\t<div class=\"elementor-column elementor-col-100 elementor-top-column elementor-element elementor-element-58c1788\" data-id=\"58c1788\" data-element_type=\"column\">\n\t\t\t<div class=\"elementor-widget-wrap elementor-element-populated\">\n\t\t\t\t\t\t\t\t<div class=\"elementor-element elementor-element-45abcd2 elementor-widget elementor-widget-image\" data-id=\"45abcd2\" data-element_type=\"widget\" data-widget_type=\"image.default\">\n\t\t\t\t<div class=\"elementor-widget-container\">\n\t\t\t<style>\/*! elementor - v3.14.0 - 26-06-2023 *\/\n.elementor-widget-image{text-align:center}.elementor-widget-image a{display:inline-block}.elementor-widget-image a img[src$=\".svg\"]{width:48px}.elementor-widget-image img{vertical-align:middle;display:inline-block}<\/style>\t\t\t\t\t\t\t\t\t\t\t\t<img decoding=\"async\" width=\"1024\" height=\"256\" src=\"https:\/\/www.elfrago.org\/wp-content\/uploads\/2024\/07\/hermanamiento-1-1024x256.jpg\" class=\"attachment-large size-large wp-image-3391\" alt=\"hermanamiento (1)\" loading=\"lazy\" srcset=\"https:\/\/www.elfrago.org\/wp-content\/uploads\/2024\/07\/hermanamiento-1-1024x256.jpg 1024w, https:\/\/www.elfrago.org\/wp-content\/uploads\/2024\/07\/hermanamiento-1-300x75.jpg 300w, https:\/\/www.elfrago.org\/wp-content\/uploads\/2024\/07\/hermanamiento-1-768x192.jpg 768w, https:\/\/www.elfrago.org\/wp-content\/uploads\/2024\/07\/hermanamiento-1-1536x384.jpg 1536w, https:\/\/www.elfrago.org\/wp-content\/uploads\/2024\/07\/hermanamiento-1.jpg 1584w\" sizes=\"(max-width: 1024px) 100vw, 1024px\" \/>\t\t\t\t\t\t\t\t\t\t\t\t\t\t\t<\/div>\n\t\t\t\t<\/div>\n\t\t\t\t\t<\/div>\n\t\t<\/div>\n\t\t\t\t\t\t\t<\/div>\n\t\t<\/section>\n\t\t\t\t<section class=\"elementor-section elementor-top-section elementor-element elementor-element-e55d2bc elementor-section-boxed elementor-section-height-default elementor-section-height-default\" data-id=\"e55d2bc\" data-element_type=\"section\">\n\t\t\t\t\t\t<div class=\"elementor-container elementor-column-gap-default\">\n\t\t\t\t\t<div class=\"elementor-column elementor-col-100 elementor-top-column elementor-element elementor-element-9b77cfb\" data-id=\"9b77cfb\" data-element_type=\"column\">\n\t\t\t<div class=\"elementor-widget-wrap elementor-element-populated\">\n\t\t\t\t\t\t\t\t<div class=\"elementor-element elementor-element-3cca115 elementor-widget elementor-widget-heading\" data-id=\"3cca115\" data-element_type=\"widget\" data-widget_type=\"heading.default\">\n\t\t\t\t<div class=\"elementor-widget-container\">\n\t\t\t<style>\/*! elementor - v3.14.0 - 26-06-2023 *\/\n.elementor-heading-title{padding:0;margin:0;line-height:1}.elementor-widget-heading .elementor-heading-title[class*=elementor-size-]>a{color:inherit;font-size:inherit;line-height:inherit}.elementor-widget-heading .elementor-heading-title.elementor-size-small{font-size:15px}.elementor-widget-heading .elementor-heading-title.elementor-size-medium{font-size:19px}.elementor-widget-heading .elementor-heading-title.elementor-size-large{font-size:29px}.elementor-widget-heading .elementor-heading-title.elementor-size-xl{font-size:39px}.elementor-widget-heading .elementor-heading-title.elementor-size-xxl{font-size:59px}<\/style><h2 class=\"elementor-heading-title elementor-size-default\">Actualizaci\u00f3n a 10 de abril de 2025<\/h2>\t\t<\/div>\n\t\t\t\t<\/div>\n\t\t\t\t<div class=\"elementor-element elementor-element-4dc1de0 elementor-widget elementor-widget-text-editor\" data-id=\"4dc1de0\" data-element_type=\"widget\" data-widget_type=\"text-editor.default\">\n\t\t\t\t<div class=\"elementor-widget-container\">\n\t\t\t<style>\/*! elementor - v3.14.0 - 26-06-2023 *\/\n.elementor-widget-text-editor.elementor-drop-cap-view-stacked .elementor-drop-cap{background-color:#69727d;color:#fff}.elementor-widget-text-editor.elementor-drop-cap-view-framed .elementor-drop-cap{color:#69727d;border:3px solid;background-color:transparent}.elementor-widget-text-editor:not(.elementor-drop-cap-view-default) .elementor-drop-cap{margin-top:8px}.elementor-widget-text-editor:not(.elementor-drop-cap-view-default) .elementor-drop-cap-letter{width:1em;height:1em}.elementor-widget-text-editor .elementor-drop-cap{float:left;text-align:center;line-height:1;font-size:50px}.elementor-widget-text-editor .elementor-drop-cap-letter{display:inline-block}<\/style>\t\t\t\t<p><span style=\"font-style: inherit; font-weight: inherit;\">Querida comunidad de El Frago:<\/span><\/p><p data-start=\"217\" data-end=\"519\">Os informamos que, debido a circunstancias sobrevenidas, hemos decidido pausar temporalmente el proyecto de hermanamiento entre Baradili y El Frago. Tomar esta decisi\u00f3n no ha sido f\u00e1cil, pero las condiciones actuales nos obligan a priorizar otros asuntos.<\/p><p data-start=\"521\" data-end=\"714\">Agradecemos sinceramente todo el apoyo que nos hab\u00e9is brindado hasta ahora. Mantendremos informada a la comunidad sobre cualquier cambio significativo que pueda surgir respecto a este proyecto.<\/p><p><span style=\"font-style: inherit; font-weight: inherit;\">Gracias por vuestra comprensi\u00f3n.<\/span><\/p>\t\t\t\t\t\t<\/div>\n\t\t\t\t<\/div>\n\t\t\t\t\t<\/div>\n\t\t<\/div>\n\t\t\t\t\t\t\t<\/div>\n\t\t<\/section>\n\t\t\t\t<section class=\"elementor-section elementor-top-section elementor-element elementor-element-2283a1f elementor-section-boxed elementor-section-height-default elementor-section-height-default\" data-id=\"2283a1f\" data-element_type=\"section\">\n\t\t\t\t\t\t<div class=\"elementor-container elementor-column-gap-default\">\n\t\t\t\t\t<div class=\"elementor-column elementor-col-100 elementor-top-column elementor-element elementor-element-8745fb1\" data-id=\"8745fb1\" data-element_type=\"column\">\n\t\t\t<div class=\"elementor-widget-wrap elementor-element-populated\">\n\t\t\t\t\t\t\t\t<div class=\"elementor-element elementor-element-639fdbe elementor-widget elementor-widget-heading\" data-id=\"639fdbe\" data-element_type=\"widget\" data-widget_type=\"heading.default\">\n\t\t\t\t<div class=\"elementor-widget-container\">\n\t\t\t<h2 class=\"elementor-heading-title elementor-size-default\">El Frago y Baradili: uniendo ilusi\u00f3n contra la despoblaci\u00f3n rural<\/h2>\t\t<\/div>\n\t\t\t\t<\/div>\n\t\t\t\t\t<\/div>\n\t\t<\/div>\n\t\t\t\t\t\t\t<\/div>\n\t\t<\/section>\n\t\t\t\t<section class=\"elementor-section elementor-top-section elementor-element elementor-element-4ed612f0 elementor-section-boxed elementor-section-height-default elementor-section-height-default\" data-id=\"4ed612f0\" data-element_type=\"section\">\n\t\t\t\t\t\t<div class=\"elementor-container elementor-column-gap-default\">\n\t\t\t\t\t<div class=\"elementor-column elementor-col-100 elementor-top-column elementor-element elementor-element-6eccb86c\" data-id=\"6eccb86c\" data-element_type=\"column\">\n\t\t\t<div class=\"elementor-widget-wrap elementor-element-populated\">\n\t\t\t\t\t\t\t\t<div class=\"elementor-element elementor-element-7ae5c7d4 elementor-widget elementor-widget-text-editor\" data-id=\"7ae5c7d4\" data-element_type=\"widget\" data-widget_type=\"text-editor.default\">\n\t\t\t\t<div class=\"elementor-widget-container\">\n\t\t\t\t\t\t\t<p>El hermanamiento entre El Frago y Baradili es una iniciativa conjunta impulsada por la necesidad de enfrentar desaf\u00edos comunes como la despoblaci\u00f3n y el declive econ\u00f3mico en \u00e1reas rurales. A trav\u00e9s de este proyecto, ambas localidades nos comprometemos a intercambiar buenas pr\u00e1cticas y fomentar el turismo rural, promoviendo la sostenibilidad y el enriquecimiento cultural mutuo.<\/p><p>Este hermanamiento representa una oportunidad estrat\u00e9gica para ambas comunidades de aprender y compartir soluciones creativas que aborden problemas similares. Adem\u00e1s, este esfuerzo conjunto refuerza la identidad cultural de cada localidad y fomenta un sentido de solidaridad y cooperaci\u00f3n transnacional.<\/p><p>Dada las caracter\u00edsticas y desaf\u00edos compartidos, y los lazos hist\u00f3ricos como antiguos reinos de la Corona de Arag\u00f3n, El Frago y Baradili iniciamos en mayo de 2023 conversaciones para hermanarnos. Este hermanamiento busca mejorar <b>el conocimiento mutuo, establecer una colaboraci\u00f3n duradera y trabajar juntos en la soluci\u00f3n de problemas comunes.<\/b><\/p>\t\t\t\t\t\t<\/div>\n\t\t\t\t<\/div>\n\t\t\t\t\t<\/div>\n\t\t<\/div>\n\t\t\t\t\t\t\t<\/div>\n\t\t<\/section>\n\t\t\t\t<section class=\"elementor-section elementor-top-section elementor-element elementor-element-5b496da elementor-section-boxed elementor-section-height-default elementor-section-height-default\" data-id=\"5b496da\" data-element_type=\"section\">\n\t\t\t\t\t\t<div class=\"elementor-container elementor-column-gap-default\">\n\t\t\t\t\t<div class=\"elementor-column elementor-col-100 elementor-top-column elementor-element elementor-element-b45d624\" data-id=\"b45d624\" data-element_type=\"column\">\n\t\t\t<div class=\"elementor-widget-wrap elementor-element-populated\">\n\t\t\t\t\t\t\t\t<div class=\"elementor-element elementor-element-de6969a elementor-widget elementor-widget-spacer\" data-id=\"de6969a\" data-element_type=\"widget\" data-widget_type=\"spacer.default\">\n\t\t\t\t<div class=\"elementor-widget-container\">\n\t\t\t<style>\/*! elementor - v3.14.0 - 26-06-2023 *\/\n.elementor-column .elementor-spacer-inner{height:var(--spacer-size)}.e-con{--container-widget-width:100%}.e-con-inner>.elementor-widget-spacer,.e-con>.elementor-widget-spacer{width:var(--container-widget-width,var(--spacer-size));--align-self:var(--container-widget-align-self,initial);--flex-shrink:0}.e-con-inner>.elementor-widget-spacer>.elementor-widget-container,.e-con-inner>.elementor-widget-spacer>.elementor-widget-container>.elementor-spacer,.e-con>.elementor-widget-spacer>.elementor-widget-container,.e-con>.elementor-widget-spacer>.elementor-widget-container>.elementor-spacer{height:100%}.e-con-inner>.elementor-widget-spacer>.elementor-widget-container>.elementor-spacer>.elementor-spacer-inner,.e-con>.elementor-widget-spacer>.elementor-widget-container>.elementor-spacer>.elementor-spacer-inner{height:var(--container-widget-height,var(--spacer-size))}<\/style>\t\t<div class=\"elementor-spacer\">\n\t\t\t<div class=\"elementor-spacer-inner\"><\/div>\n\t\t<\/div>\n\t\t\t\t<\/div>\n\t\t\t\t<\/div>\n\t\t\t\t\t<\/div>\n\t\t<\/div>\n\t\t\t\t\t\t\t<\/div>\n\t\t<\/section>\n\t\t\t\t<section class=\"elementor-section elementor-top-section elementor-element elementor-element-b72ac85 elementor-section-boxed elementor-section-height-default elementor-section-height-default\" data-id=\"b72ac85\" data-element_type=\"section\">\n\t\t\t\t\t\t<div class=\"elementor-container elementor-column-gap-default\">\n\t\t\t\t\t<div class=\"elementor-column elementor-col-50 elementor-top-column elementor-element elementor-element-3899198\" data-id=\"3899198\" data-element_type=\"column\">\n\t\t\t<div class=\"elementor-widget-wrap elementor-element-populated\">\n\t\t\t\t\t\t\t\t<section class=\"elementor-section elementor-inner-section elementor-element elementor-element-f091d48 elementor-section-boxed elementor-section-height-default elementor-section-height-default\" data-id=\"f091d48\" data-element_type=\"section\">\n\t\t\t\t\t\t<div class=\"elementor-container elementor-column-gap-default\">\n\t\t\t\t\t<div class=\"elementor-column elementor-col-50 elementor-inner-column elementor-element elementor-element-352aa08\" data-id=\"352aa08\" data-element_type=\"column\">\n\t\t\t<div class=\"elementor-widget-wrap elementor-element-populated\">\n\t\t\t\t\t\t\t\t<div class=\"elementor-element elementor-element-1c3457d elementor-widget elementor-widget-text-editor\" data-id=\"1c3457d\" data-element_type=\"widget\" data-widget_type=\"text-editor.default\">\n\t\t\t\t<div class=\"elementor-widget-container\">\n\t\t\t\t\t\t\t<h3><b>Antecedentes y justificaci\u00f3n del proyecto<\/b><\/h3>\t\t\t\t\t\t<\/div>\n\t\t\t\t<\/div>\n\t\t\t\t<div class=\"elementor-element elementor-element-80a3a6c elementor-widget elementor-widget-text-editor\" data-id=\"80a3a6c\" data-element_type=\"widget\" data-widget_type=\"text-editor.default\">\n\t\t\t\t<div class=\"elementor-widget-container\">\n\t\t\t\t\t\t\t<h3><span style=\"color: var( --e-global-color-text ); background-color: var(--ast-global-color-5); font-size: 1rem;\">El Frago, en Arag\u00f3n, y Baradili, en Cerde\u00f1a, son dos peque\u00f1as localidades que enfrentan desaf\u00edos cruciales como el envejecimiento poblacional y la p\u00e9rdida de habitantes, con un declive poblacional del 74% y 64% respectivamente desde 1950. Estos &#8220;pueblos peque\u00f1os&#8221; luchan por mantener su identidad y sobrevivir en un contexto de econom\u00edas estancadas y escaso capital social y humano. Baradili ha enfocado sus esfuerzos en la mejora de su entorno y patrimonio cultural para fomentar un sistema social que mejore la calidad de vida, mientras que El Frago ha implementado estrategias de desarrollo rural y repoblaci\u00f3n, apoyando nuevas empresas y proyectos de bioeconom\u00eda. Ambas localidades han comenzado a colaborar para enfrentar juntos sus desaf\u00edos comunes, apoyadas por el programa CERV para el hermanamiento de ciudades.<\/span><br><\/h3>\t\t\t\t\t\t<\/div>\n\t\t\t\t<\/div>\n\t\t\t\t\t<\/div>\n\t\t<\/div>\n\t\t\t\t<div class=\"elementor-column elementor-col-50 elementor-inner-column elementor-element elementor-element-7672ebb\" data-id=\"7672ebb\" data-element_type=\"column\">\n\t\t\t<div class=\"elementor-widget-wrap\">\n\t\t\t\t\t\t\t\t\t<\/div>\n\t\t<\/div>\n\t\t\t\t\t\t\t<\/div>\n\t\t<\/section>\n\t\t\t\t\t<\/div>\n\t\t<\/div>\n\t\t\t\t<div class=\"elementor-column elementor-col-50 elementor-top-column elementor-element elementor-element-523e47d\" data-id=\"523e47d\" data-element_type=\"column\">\n\t\t\t<div class=\"elementor-widget-wrap elementor-element-populated\">\n\t\t\t\t\t\t\t\t<div class=\"elementor-element elementor-element-00bb329 elementor-widget elementor-widget-text-editor\" data-id=\"00bb329\" data-element_type=\"widget\" data-widget_type=\"text-editor.default\">\n\t\t\t\t<div class=\"elementor-widget-container\">\n\t\t\t\t\t\t\t<h3><span style=\"color: var(--ast-global-color-2); font-size: 1.66667rem; font-style: inherit; font-family: var( --e-global-typography-text-font-family ), Sans-serif; background-color: var(--ast-global-color-5);\"><b>Objetivos de ARADIGNA<\/b><\/span><\/h3>\t\t\t\t\t\t<\/div>\n\t\t\t\t<\/div>\n\t\t\t\t<div class=\"elementor-element elementor-element-2517e75 elementor-widget elementor-widget-text-editor\" data-id=\"2517e75\" data-element_type=\"widget\" data-widget_type=\"text-editor.default\">\n\t\t\t\t<div class=\"elementor-widget-container\">\n\t\t\t\t\t\t\t<p><span style=\"font-size: 15px; font-style: inherit; font-weight: inherit; color: var( --e-global-color-text ); font-family: var( --e-global-typography-text-font-family ), Sans-serif; background-color: var(--ast-global-color-5);\">El<\/span>\u00a0proyecto ARADIGNA busca fortalecer la relaci\u00f3n entre El Frago y Baradili mediante el intercambio de buenas pr\u00e1cticas y cooperaci\u00f3n solidaria, con el fin de asegurar un futuro pr\u00f3spero para ambas comunidades. Este esfuerzo mutuo pretende transformar estas \u00e1reas en lugares deseables para vivir, garantizando oportunidades futuras para las generaciones venideras y fomentando un sentido de ciudadan\u00eda europea. El proyecto se centra en la colaboraci\u00f3n a largo plazo y en abordar desaf\u00edos como el cambio clim\u00e1tico y la digitalizaci\u00f3n, aprovechando la rica herencia hist\u00f3rica compartida entre Arag\u00f3n y Cerde\u00f1a.<\/p>\t\t\t\t\t\t<\/div>\n\t\t\t\t<\/div>\n\t\t\t\t\t<\/div>\n\t\t<\/div>\n\t\t\t\t\t\t\t<\/div>\n\t\t<\/section>\n\t\t\t\t<section class=\"elementor-section elementor-top-section elementor-element elementor-element-dcc3424 elementor-section-boxed elementor-section-height-default elementor-section-height-default\" data-id=\"dcc3424\" data-element_type=\"section\">\n\t\t\t\t\t\t<div class=\"elementor-container elementor-column-gap-default\">\n\t\t\t\t\t<div class=\"elementor-column elementor-col-100 elementor-top-column elementor-element elementor-element-db564d3\" data-id=\"db564d3\" data-element_type=\"column\">\n\t\t\t<div class=\"elementor-widget-wrap elementor-element-populated\">\n\t\t\t\t\t\t\t\t<div class=\"elementor-element elementor-element-99ba689 elementor-widget elementor-widget-spacer\" data-id=\"99ba689\" data-element_type=\"widget\" data-widget_type=\"spacer.default\">\n\t\t\t\t<div class=\"elementor-widget-container\">\n\t\t\t\t\t<div class=\"elementor-spacer\">\n\t\t\t<div class=\"elementor-spacer-inner\"><\/div>\n\t\t<\/div>\n\t\t\t\t<\/div>\n\t\t\t\t<\/div>\n\t\t\t\t\t<\/div>\n\t\t<\/div>\n\t\t\t\t\t\t\t<\/div>\n\t\t<\/section>\n\t\t\t\t<section class=\"elementor-section elementor-top-section elementor-element elementor-element-c714735 elementor-section-boxed elementor-section-height-default elementor-section-height-default\" data-id=\"c714735\" data-element_type=\"section\">\n\t\t\t\t\t\t<div class=\"elementor-container elementor-column-gap-default\">\n\t\t\t\t\t<div class=\"elementor-column elementor-col-100 elementor-top-column elementor-element elementor-element-f97f821\" data-id=\"f97f821\" data-element_type=\"column\">\n\t\t\t<div class=\"elementor-widget-wrap\">\n\t\t\t\t\t\t\t\t\t<\/div>\n\t\t<\/div>\n\t\t\t\t\t\t\t<\/div>\n\t\t<\/section>\n\t\t\t\t<section class=\"elementor-section elementor-top-section elementor-element elementor-element-d2f38b6 elementor-section-boxed elementor-section-height-default elementor-section-height-default\" data-id=\"d2f38b6\" data-element_type=\"section\">\n\t\t\t\t\t\t<div class=\"elementor-container elementor-column-gap-default\">\n\t\t\t\t\t<div class=\"elementor-column elementor-col-100 elementor-top-column elementor-element elementor-element-7d089b0\" data-id=\"7d089b0\" data-element_type=\"column\">\n\t\t\t<div class=\"elementor-widget-wrap elementor-element-populated\">\n\t\t\t\t\t\t\t\t<div class=\"elementor-element elementor-element-865a6cd elementor-widget elementor-widget-text-editor\" data-id=\"865a6cd\" data-element_type=\"widget\" data-widget_type=\"text-editor.default\">\n\t\t\t\t<div class=\"elementor-widget-container\">\n\t\t\t\t\t\t\t<h3><b>Cronograma del proyecto ARADIGNA &#8211; CANCELADO<\/b><\/h3><p>El proyecto ARADIGNA tiene como objetivo fortalecer las relaciones entre nuestras comunidades rurales de El Frago y Baradili mediante el conocimiento mutuo y la amistad, el intercambio de buenas pr\u00e1cticas y la colaboraci\u00f3n solidaria para asegurar un futuro sostenible y pr\u00f3spero para ambos pueblos. A continuaci\u00f3n, se presenta un cronograma de <b>las principales actividades programadas<\/b>, dise\u00f1adas para <b>fomentar el intercambio cultural y el desarrollo conjunto<\/b>.<\/p><table><thead><tr><th>Mes y a\u00f1o<\/th><th><strong>Actividades<\/strong><\/th><\/tr><\/thead><tbody><tr><td><b>Nueva fecha<\/b><\/td><td><b>Conversaciones y reuniones <\/b>para preparar las dos visitas.<br \/><b>Informaci\u00f3n y comunicaci\u00f3n<\/b> de este proyecto<br \/><b>Formaci\u00f3n\u00a0<\/b>grupos que van a viajar<br \/><b>Estimaci\u00f3n <\/b>presupuestos implicados<\/td><\/tr><tr><td><b>Nueva fecha<\/b><\/td><td><p><span style=\"font-weight: bold;\">Desplazamiento del grupo fragolino a Baradili:\u00a0<\/span>talleres y eventos culturales organizados por los hermanos sardos.<br \/><span style=\"font-weight: bold;\">Fecha prevista: <\/span>por confirmar\u00a0<\/p><\/td><\/tr><tr><td><b>Nueva fecha<\/b><\/td><td><strong>Desplazamiento del grupo fragolino a Baradili: <\/strong>talleres y eventos culturales organizados por los hermanos sardos.<br \/><strong>Fecha prevista: <\/strong>por confirmar<\/td><\/tr><tr><td><strong>Nueva fecha<\/strong><\/td><td><strong>Seguimiento y documentaci\u00f3n<\/strong>: reuiones para analizar el impacto de las activfidades en los dos pueblos, as\u00ed como gesti\u00f3 de toda la documentaci\u00f3n para justificar la subvenci\u00f3n..<\/td><\/tr><\/tbody><\/table><div><div dir=\"auto\" data-message-author-role=\"assistant\" data-message-id=\"598e2b01-3a1b-43be-abfa-73533c5ada8c\"><div><div>\u00a0<\/div><\/div><\/div><\/div>\t\t\t\t\t\t<\/div>\n\t\t\t\t<\/div>\n\t\t\t\t<div class=\"elementor-element elementor-element-e7987dd elementor-widget elementor-widget-text-editor\" data-id=\"e7987dd\" data-element_type=\"widget\" data-widget_type=\"text-editor.default\">\n\t\t\t\t<div class=\"elementor-widget-container\">\n\t\t\t\t\t\t\t<div><b><span style=\"color: var(--ast-global-color-2); font-size: 1.33333rem; font-style: inherit; font-family: var( --e-global-typography-text-font-family ), Sans-serif; background-color: var(--ast-global-color-5);\">Entregables:<\/span><br \/><\/b><\/div><ul><li>Descripciones detalladas de los eventos clave durante las visitas a El Frago y Baradili, que servir\u00e1n como documentaci\u00f3n oficial del proyecto y como recursos para futuras iniciativas.<\/li><\/ul><h4><b>Recursos:<\/b><\/h4><ul><li>El proyecto, con una duraci\u00f3n de 9 meses, contar\u00e1 con la participaci\u00f3n de personal administrativo, expertos locales y voluntarios de ambas comunidades.<\/li><li>Las fases claves del proyecto incluyen el inicio en junio de 2024, intercambios intermedios en septiembre de 2024 y enero de 2025, y la clausura y evaluaci\u00f3n final entre febrero y marzo de 2025. <b><i>FECHAS PENDIENTES DE CONFIRMAR. SE POSPONEN HASTA NUEVO AVISO (actualizaci\u00f3n a 01\/08\/24).<\/i><\/b><\/li><\/ul>\t\t\t\t\t\t<\/div>\n\t\t\t\t<\/div>\n\t\t\t\t<div class=\"elementor-element elementor-element-a1ce000 elementor-widget elementor-widget-spacer\" data-id=\"a1ce000\" data-element_type=\"widget\" data-widget_type=\"spacer.default\">\n\t\t\t\t<div class=\"elementor-widget-container\">\n\t\t\t\t\t<div class=\"elementor-spacer\">\n\t\t\t<div class=\"elementor-spacer-inner\"><\/div>\n\t\t<\/div>\n\t\t\t\t<\/div>\n\t\t\t\t<\/div>\n\t\t\t\t\t<\/div>\n\t\t<\/div>\n\t\t\t\t\t\t\t<\/div>\n\t\t<\/section>\n\t\t\t\t<section class=\"elementor-section elementor-top-section elementor-element elementor-element-7be9131 elementor-section-boxed elementor-section-height-default elementor-section-height-default\" data-id=\"7be9131\" data-element_type=\"section\">\n\t\t\t\t\t\t<div class=\"elementor-container elementor-column-gap-default\">\n\t\t\t\t\t<div class=\"elementor-column elementor-col-100 elementor-top-column elementor-element elementor-element-df4bd62\" data-id=\"df4bd62\" data-element_type=\"column\">\n\t\t\t<div class=\"elementor-widget-wrap elementor-element-populated\">\n\t\t\t\t\t\t\t\t<div class=\"elementor-element elementor-element-41cce6e elementor-widget elementor-widget-heading\" data-id=\"41cce6e\" data-element_type=\"widget\" data-widget_type=\"heading.default\">\n\t\t\t\t<div class=\"elementor-widget-container\">\n\t\t\t<h2 class=\"elementor-heading-title elementor-size-default\">\u00a1Participa en el hermanamiento entre El Frago y Baradili!<\/h2>\t\t<\/div>\n\t\t\t\t<\/div>\n\t\t\t\t<div class=\"elementor-element elementor-element-45c7f07 elementor-widget elementor-widget-text-editor\" data-id=\"45c7f07\" data-element_type=\"widget\" data-widget_type=\"text-editor.default\">\n\t\t\t\t<div class=\"elementor-widget-container\">\n\t\t\t\t\t\t\t<div>\n<div dir=\"auto\" data-message-author-role=\"assistant\" data-message-id=\"2896d337-5c09-48f0-80db-2fbde4bcf6f6\">\n<div>\n<div>\n<p>Estamos buscando entusiastas participantes para unirse a las pr\u00f3ximas actividades de hermanamiento entre El Frago y Baradili. Si tienes inter\u00e9s en la sostenibilidad, el desarrollo rural y el empoderamiento de la mujer, esta es una oportunidad \u00fanica para involucrarte activamente y contribuir a la creaci\u00f3n de un futuro m\u00e1s prometedor para ambas comunidades.<\/p>\n<p><strong>\u00bfQu\u00e9 esperar?<\/strong><\/p>\n<ul>\n<li><strong>Talleres educativos<\/strong>: Participar\u00e1s en talleres liderados por expertos sobre temas vitales como la sostenibilidad y el desarrollo rural, aprovechando el conocimiento y la experiencia de miembros de ambas comunidades.<\/li>\n<li><strong>Intercambios culturales<\/strong>: Experimenta la rica cultura de Baradili durante la visita, y contribuye a mostrar la herencia de El Frago en la expedici\u00f3n de retorno.<\/li>\n<\/ul>\n<p><strong>\u00bfC\u00f3mo participar?<\/strong> Buscamos formar un grupo diverso de entre 25 y 40 personas. Si quieres ser parte de este emocionante intercambio, puedes:<\/p>\n<ul>\n<li><strong>Contactar a un miembro del ayuntamiento<\/strong>: Ac\u00e9rcate a cualquier miembro del ayuntamiento de El Frago para expresar tu inter\u00e9s.<\/li>\n<li><strong>Enviar un correo electr\u00f3nico<\/strong>: Si prefieres, puedes enviar un correo a <strong><a rel=\"noreferrer\">elfrago@dpz.es<\/a><\/strong> con tus datos de contacto y cualquier pregunta que puedas tener.<\/li>\n<\/ul>\n<p>Este hermanamiento no solo es una oportunidad para aprender y compartir, sino tambi\u00e9n para establecer v\u00ednculos duraderos y contribuir al bienestar de nuestras comunidades. \u00a1An\u00edmate a participar y s\u00e9 parte de esta valiosa iniciativa!<\/p>\n<\/div>\n<\/div>\n<\/div>\n<\/div>\t\t\t\t\t\t<\/div>\n\t\t\t\t<\/div>\n\t\t\t\t<div class=\"elementor-element elementor-element-8350941 elementor-widget elementor-widget-spacer\" data-id=\"8350941\" data-element_type=\"widget\" data-widget_type=\"spacer.default\">\n\t\t\t\t<div class=\"elementor-widget-container\">\n\t\t\t\t\t<div class=\"elementor-spacer\">\n\t\t\t<div class=\"elementor-spacer-inner\"><\/div>\n\t\t<\/div>\n\t\t\t\t<\/div>\n\t\t\t\t<\/div>\n\t\t\t\t\t<\/div>\n\t\t<\/div>\n\t\t\t\t\t\t\t<\/div>\n\t\t<\/section>\n\t\t\t\t<section class=\"elementor-section elementor-top-section elementor-element elementor-element-af31694 elementor-section-boxed elementor-section-height-default elementor-section-height-default\" data-id=\"af31694\" data-element_type=\"section\">\n\t\t\t\t\t\t<div class=\"elementor-container elementor-column-gap-default\">\n\t\t\t\t\t<div class=\"elementor-column elementor-col-33 elementor-top-column elementor-element elementor-element-c433d31\" data-id=\"c433d31\" data-element_type=\"column\">\n\t\t\t<div class=\"elementor-widget-wrap elementor-element-populated\">\n\t\t\t\t\t\t\t\t<div class=\"elementor-element elementor-element-9f98f51 elementor-widget elementor-widget-spacer\" data-id=\"9f98f51\" data-element_type=\"widget\" data-widget_type=\"spacer.default\">\n\t\t\t\t<div class=\"elementor-widget-container\">\n\t\t\t\t\t<div class=\"elementor-spacer\">\n\t\t\t<div class=\"elementor-spacer-inner\"><\/div>\n\t\t<\/div>\n\t\t\t\t<\/div>\n\t\t\t\t<\/div>\n\t\t\t\t<div class=\"elementor-element elementor-element-a84f8e8 elementor-widget elementor-widget-heading\" data-id=\"a84f8e8\" data-element_type=\"widget\" data-widget_type=\"heading.default\">\n\t\t\t\t<div class=\"elementor-widget-container\">\n\t\t\t<h2 class=\"elementor-heading-title elementor-size-default\"><h3 style=\"font-size: 1.66667rem; font-style: normal; white-space-collapse: collapse;\"><span style=\"color: rgb(38, 91, 165); font-family: var( --e-global-typography-primary-font-family ), Sans-serif; font-size: 2rem; font-style: inherit; font-weight: var( --e-global-typography-primary-font-weight ); white-space-collapse: preserve; background-color: var(--ast-global-color-5);\">Resumen de la primera visita de la delegaci\u00f3n representante de Baradili, previa al hermanamiento<\/span><\/h3><\/h2>\t\t<\/div>\n\t\t\t\t<\/div>\n\t\t\t\t<div class=\"elementor-element elementor-element-0cc6a47 elementor-widget elementor-widget-image\" data-id=\"0cc6a47\" data-element_type=\"widget\" data-widget_type=\"image.default\">\n\t\t\t\t<div class=\"elementor-widget-container\">\n\t\t\t\t\t\t\t\t\t\t\t\t\t\t\t<img decoding=\"async\" width=\"1024\" height=\"829\" src=\"https:\/\/www.elfrago.org\/wp-content\/uploads\/2023\/11\/WhatsApp-Image-2023-11-07-at-12.00.13-1.jpeg\" class=\"attachment-large size-large wp-image-2400\" alt=\"visita noviembre 2023\" loading=\"lazy\" srcset=\"https:\/\/www.elfrago.org\/wp-content\/uploads\/2023\/11\/WhatsApp-Image-2023-11-07-at-12.00.13-1.jpeg 1024w, https:\/\/www.elfrago.org\/wp-content\/uploads\/2023\/11\/WhatsApp-Image-2023-11-07-at-12.00.13-1-300x243.jpeg 300w, https:\/\/www.elfrago.org\/wp-content\/uploads\/2023\/11\/WhatsApp-Image-2023-11-07-at-12.00.13-1-768x622.jpeg 768w\" sizes=\"(max-width: 1024px) 100vw, 1024px\" \/>\t\t\t\t\t\t\t\t\t\t\t\t\t\t\t<\/div>\n\t\t\t\t<\/div>\n\t\t\t\t\t<\/div>\n\t\t<\/div>\n\t\t\t\t<div class=\"elementor-column elementor-col-66 elementor-top-column elementor-element elementor-element-ea014ae\" data-id=\"ea014ae\" data-element_type=\"column\">\n\t\t\t<div class=\"elementor-widget-wrap elementor-element-populated\">\n\t\t\t\t\t\t\t\t<div class=\"elementor-element elementor-element-b00c254 elementor-widget elementor-widget-text-editor\" data-id=\"b00c254\" data-element_type=\"widget\" data-widget_type=\"text-editor.default\">\n\t\t\t\t<div class=\"elementor-widget-container\">\n\t\t\t\t\t\t\t<p style=\"font-size: 15px; font-style: normal; font-weight: 400; letter-spacing: normal;\">El 4 y 5 de noviembre de 2023, El Frago recibi\u00f3 a una destacada delegaci\u00f3n de Baradili, marcando el inicio de un emocionante proyecto de hermanamiento entre ambos pueblos. Esta visita, facilitada por la Fundaci\u00f3n Maria Carta dentro del proyecto &#8220;Freemmos&#8221;, tuvo como objetivo abordar problemas como la despoblaci\u00f3n y fomentar el turismo rural mediante la exploraci\u00f3n y el intercambio de soluciones innovadoras.<\/p><p style=\"font-size: 15px; font-style: normal; font-weight: 400; letter-spacing: normal;\">La alcaldesa de Baradili, Maria Anna Camedda, junto con su adjunto Lino Zedda, fueron acogidos por los miembros del ayuntamiento de El Frago y el asesor cultural, Miguel Martinez-Tomey. Durante esta reuni\u00f3n inicial se compartieron historias y tradiciones de ambos municipios, enriqueciendo el encuentro con actuaciones de m\u00fasica y bailes tradicionales de ambas regiones.<\/p><p style=\"font-size: 15px; font-style: normal; font-weight: 400; letter-spacing: normal;\">Los eventos de la visita incluyeron presentaciones en el Sal\u00f3n de Plenos de El Frago, donde se expusieron las actividades de la Fundaci\u00f3n Mar\u00eda Carta y se discutieron futuras colaboraciones. Adem\u00e1s, los asistentes disfrutaron de la m\u00fasica tradicional sarda y de Arag\u00f3n, lo que destac\u00f3 la rica herencia cultural de cada lugar.<\/p><p style=\"font-size: 15px; font-style: normal; font-weight: 400; letter-spacing: normal;\">El Frago expres\u00f3 su compromiso con la preservaci\u00f3n de su patrimonio cultural y vio en la presencia de la Fundaci\u00f3n Maria Carta y el proyecto \u201cFreemmos\u201d una fuente de inspiraci\u00f3n para seguir revitalizando su comunidad. Este encuentro no solo celebr\u00f3 las culturas de ambos pueblos, sino que tambi\u00e9n fortaleci\u00f3 los lazos y sent\u00f3 las bases para futuras colaboraciones que prometen beneficios mutuos y un enriquecimiento duradero para ambas comunidades.<\/p><p style=\"font-size: 15px; font-style: normal; font-weight: 400; letter-spacing: normal;\">Este primer paso en el proceso de hermanamiento se perfila como el comienzo de una fruct\u00edfera relaci\u00f3n entre El Frago y Baradili, con planes de continuar la colaboraci\u00f3n en reuniones futuras y una pr\u00f3xima visita de los administradores de El Frago a Baradili para seguir fortaleciendo este v\u00ednculo.<\/p>\t\t\t\t\t\t<\/div>\n\t\t\t\t<\/div>\n\t\t\t\t\t<\/div>\n\t\t<\/div>\n\t\t\t\t\t\t\t<\/div>\n\t\t<\/section>\n\t\t\t\t<section class=\"elementor-section elementor-top-section elementor-element elementor-element-53df9ff4 elementor-section-boxed elementor-section-height-default elementor-section-height-default\" data-id=\"53df9ff4\" data-element_type=\"section\">\n\t\t\t\t\t\t<div class=\"elementor-container elementor-column-gap-default\">\n\t\t\t\t\t<div class=\"elementor-column elementor-col-100 elementor-top-column elementor-element elementor-element-194c6cd6\" data-id=\"194c6cd6\" data-element_type=\"column\">\n\t\t\t<div class=\"elementor-widget-wrap elementor-element-populated\">\n\t\t\t\t\t\t\t\t<div class=\"elementor-element elementor-element-63b0afd elementor-widget elementor-widget-spacer\" data-id=\"63b0afd\" data-element_type=\"widget\" data-widget_type=\"spacer.default\">\n\t\t\t\t<div class=\"elementor-widget-container\">\n\t\t\t\t\t<div class=\"elementor-spacer\">\n\t\t\t<div class=\"elementor-spacer-inner\"><\/div>\n\t\t<\/div>\n\t\t\t\t<\/div>\n\t\t\t\t<\/div>\n\t\t\t\t<div class=\"elementor-element elementor-element-f5b35e5 elementor-widget elementor-widget-heading\" data-id=\"f5b35e5\" data-element_type=\"widget\" data-widget_type=\"heading.default\">\n\t\t\t\t<div class=\"elementor-widget-container\">\n\t\t\t<h2 class=\"elementor-heading-title elementor-size-default\">Galer\u00eda de im\u00e1genes<\/h2>\t\t<\/div>\n\t\t\t\t<\/div>\n\t\t\t\t<div class=\"elementor-element elementor-element-20aee1d5 elementor-arrows-position-inside elementor-pagination-position-outside elementor-widget elementor-widget-image-carousel\" data-id=\"20aee1d5\" data-element_type=\"widget\" data-settings=\"{&quot;autoplay_speed&quot;:5123,&quot;slides_to_scroll&quot;:&quot;3&quot;,&quot;navigation&quot;:&quot;both&quot;,&quot;autoplay&quot;:&quot;yes&quot;,&quot;pause_on_hover&quot;:&quot;yes&quot;,&quot;pause_on_interaction&quot;:&quot;yes&quot;,&quot;infinite&quot;:&quot;yes&quot;,&quot;speed&quot;:500}\" data-widget_type=\"image-carousel.default\">\n\t\t\t\t<div class=\"elementor-widget-container\">\n\t\t\t<style>\/*! elementor - v3.14.0 - 26-06-2023 *\/\n.elementor-widget-image-carousel .swiper,.elementor-widget-image-carousel .swiper-container{position:static}.elementor-widget-image-carousel .swiper-container .swiper-slide figure,.elementor-widget-image-carousel .swiper .swiper-slide figure{line-height:inherit}.elementor-widget-image-carousel .swiper-slide{text-align:center}.elementor-image-carousel-wrapper:not(.swiper-container-initialized):not(.swiper-initialized) .swiper-slide{max-width:calc(100% \/ var(--e-image-carousel-slides-to-show, 3))}<\/style>\t\t<div class=\"elementor-image-carousel-wrapper swiper-container\" dir=\"ltr\">\n\t\t\t<div class=\"elementor-image-carousel swiper-wrapper\" aria-live=\"off\">\n\t\t\t\t\t\t\t\t<div class=\"swiper-slide\" role=\"group\" aria-roledescription=\"slide\" aria-label=\"1 de 8\"><figure class=\"swiper-slide-inner\"><img decoding=\"async\" class=\"swiper-slide-image\" src=\"https:\/\/www.elfrago.org\/wp-content\/uploads\/2024\/07\/FONDAZIONE-MARIA-CARTA-212x300.jpg\" alt=\"FONDAZIONE MARIA CARTA\" \/><\/figure><\/div><div class=\"swiper-slide\" role=\"group\" aria-roledescription=\"slide\" aria-label=\"2 de 8\"><figure class=\"swiper-slide-inner\"><img decoding=\"async\" class=\"swiper-slide-image\" src=\"https:\/\/www.elfrago.org\/wp-content\/uploads\/2023\/11\/WhatsApp-Image-2023-11-07-at-12.00.13-1-300x243.jpeg\" alt=\"visita noviembre 2023\" \/><\/figure><\/div><div class=\"swiper-slide\" role=\"group\" aria-roledescription=\"slide\" aria-label=\"3 de 8\"><figure class=\"swiper-slide-inner\"><img decoding=\"async\" class=\"swiper-slide-image\" src=\"https:\/\/www.elfrago.org\/wp-content\/uploads\/2024\/07\/WhatsApp-Image-2024-07-16-at-06.39.42-1-180x300.jpeg\" alt=\"WhatsApp Image 2024-07-16 at 06.39.42 (1)\" \/><\/figure><\/div><div class=\"swiper-slide\" role=\"group\" aria-roledescription=\"slide\" aria-label=\"4 de 8\"><figure class=\"swiper-slide-inner\"><img decoding=\"async\" class=\"swiper-slide-image\" src=\"https:\/\/www.elfrago.org\/wp-content\/uploads\/2024\/07\/WhatsApp-Image-2024-07-16-at-06.39.43-300x138.jpeg\" alt=\"WhatsApp Image 2024-07-16 at 06.39.43\" \/><\/figure><\/div><div class=\"swiper-slide\" role=\"group\" aria-roledescription=\"slide\" aria-label=\"5 de 8\"><figure class=\"swiper-slide-inner\"><img decoding=\"async\" class=\"swiper-slide-image\" src=\"https:\/\/www.elfrago.org\/wp-content\/uploads\/2024\/07\/WhatsApp-Image-2024-07-16-at-06.39.40-254x300.jpeg\" alt=\"WhatsApp Image 2024-07-16 at 06.39.40\" \/><\/figure><\/div><div class=\"swiper-slide\" role=\"group\" aria-roledescription=\"slide\" aria-label=\"6 de 8\"><figure class=\"swiper-slide-inner\"><img decoding=\"async\" class=\"swiper-slide-image\" src=\"https:\/\/www.elfrago.org\/wp-content\/uploads\/2024\/07\/WhatsApp-Image-2024-07-16-at-06.39.35-300x170.jpeg\" alt=\"WhatsApp Image 2024-07-16 at 06.39.35\" \/><\/figure><\/div><div class=\"swiper-slide\" role=\"group\" aria-roledescription=\"slide\" aria-label=\"7 de 8\"><figure class=\"swiper-slide-inner\"><img decoding=\"async\" class=\"swiper-slide-image\" src=\"https:\/\/www.elfrago.org\/wp-content\/uploads\/2024\/07\/WhatsApp-Image-2024-07-16-at-06.39.34-300x138.jpeg\" alt=\"WhatsApp Image 2024-07-16 at 06.39.34\" \/><\/figure><\/div><div class=\"swiper-slide\" role=\"group\" aria-roledescription=\"slide\" aria-label=\"8 de 8\"><figure class=\"swiper-slide-inner\"><img decoding=\"async\" class=\"swiper-slide-image\" src=\"https:\/\/www.elfrago.org\/wp-content\/uploads\/2024\/07\/WhatsApp-Image-2024-07-16-at-06.39.33-300x138.jpeg\" alt=\"WhatsApp Image 2024-07-16 at 06.39.33\" \/><\/figure><\/div>\t\t\t<\/div>\n\t\t\t\t\t\t\t\t\t\t\t\t<div class=\"elementor-swiper-button elementor-swiper-button-prev\" role=\"button\" tabindex=\"0\">\n\t\t\t\t\t\t<i aria-hidden=\"true\" class=\"eicon-chevron-left\"><\/i>\t\t\t\t\t<\/div>\n\t\t\t\t\t<div class=\"elementor-swiper-button elementor-swiper-button-next\" role=\"button\" tabindex=\"0\">\n\t\t\t\t\t\t<i aria-hidden=\"true\" class=\"eicon-chevron-right\"><\/i>\t\t\t\t\t<\/div>\n\t\t\t\t\n\t\t\t\t\t\t\t\t\t<div class=\"swiper-pagination\"><\/div>\n\t\t\t\t\t\t\t\t\t<\/div>\n\t\t\t\t<\/div>\n\t\t\t\t<\/div>\n\t\t\t\t\t<\/div>\n\t\t<\/div>\n\t\t\t\t\t\t\t<\/div>\n\t\t<\/section>\n\t\t\t\t<section class=\"elementor-section elementor-top-section elementor-element elementor-element-280a4c1 elementor-section-boxed elementor-section-height-default elementor-section-height-default\" data-id=\"280a4c1\" data-element_type=\"section\">\n\t\t\t\t\t\t<div class=\"elementor-container elementor-column-gap-default\">\n\t\t\t\t\t<div class=\"elementor-column elementor-col-100 elementor-top-column elementor-element elementor-element-a9a7c0c\" data-id=\"a9a7c0c\" data-element_type=\"column\">\n\t\t\t<div class=\"elementor-widget-wrap elementor-element-populated\">\n\t\t\t\t\t\t\t\t<div class=\"elementor-element elementor-element-e93248d elementor-widget elementor-widget-spacer\" data-id=\"e93248d\" data-element_type=\"widget\" data-widget_type=\"spacer.default\">\n\t\t\t\t<div class=\"elementor-widget-container\">\n\t\t\t\t\t<div class=\"elementor-spacer\">\n\t\t\t<div class=\"elementor-spacer-inner\"><\/div>\n\t\t<\/div>\n\t\t\t\t<\/div>\n\t\t\t\t<\/div>\n\t\t\t\t\t<\/div>\n\t\t<\/div>\n\t\t\t\t\t\t\t<\/div>\n\t\t<\/section>\n\t\t\t\t<section class=\"elementor-section elementor-top-section elementor-element elementor-element-edcf171 elementor-section-boxed elementor-section-height-default elementor-section-height-default\" data-id=\"edcf171\" data-element_type=\"section\">\n\t\t\t\t\t\t<div class=\"elementor-container elementor-column-gap-default\">\n\t\t\t\t\t<div class=\"elementor-column elementor-col-100 elementor-top-column elementor-element elementor-element-b223470\" data-id=\"b223470\" data-element_type=\"column\">\n\t\t\t<div class=\"elementor-widget-wrap elementor-element-populated\">\n\t\t\t\t\t\t\t\t<div class=\"elementor-element elementor-element-fada681 elementor-widget elementor-widget-heading\" data-id=\"fada681\" data-element_type=\"widget\" data-widget_type=\"heading.default\">\n\t\t\t\t<div class=\"elementor-widget-container\">\n\t\t\t<h2 class=\"elementor-heading-title elementor-size-default\">Enlaces de inter\u00e9s<\/h2>\t\t<\/div>\n\t\t\t\t<\/div>\n\t\t\t\t\t<\/div>\n\t\t<\/div>\n\t\t\t\t\t\t\t<\/div>\n\t\t<\/section>\n\t\t\t\t<section class=\"elementor-section elementor-top-section elementor-element elementor-element-a7bfca1 elementor-section-boxed elementor-section-height-default elementor-section-height-default\" data-id=\"a7bfca1\" data-element_type=\"section\">\n\t\t\t\t\t\t<div class=\"elementor-container elementor-column-gap-default\">\n\t\t\t\t\t<div class=\"elementor-column elementor-col-33 elementor-top-column elementor-element elementor-element-0c763c4\" data-id=\"0c763c4\" data-element_type=\"column\">\n\t\t\t<div class=\"elementor-widget-wrap elementor-element-populated\">\n\t\t\t\t\t\t\t\t<div class=\"elementor-element elementor-element-78d2a79 elementor-align-center elementor-widget elementor-widget-button\" data-id=\"78d2a79\" data-element_type=\"widget\" data-widget_type=\"button.default\">\n\t\t\t\t<div class=\"elementor-widget-container\">\n\t\t\t\t\t<div class=\"elementor-button-wrapper\">\n\t\t\t<a class=\"elementor-button elementor-button-link elementor-size-sm\" href=\"https:\/\/www.comune.baradili.or.it\/\" target=\"_blank\">\n\t\t\t\t\t\t<span class=\"elementor-button-content-wrapper\">\n\t\t\t\t\t\t<span class=\"elementor-button-text\">Comune di Baradili<\/span>\n\t\t<\/span>\n\t\t\t\t\t<\/a>\n\t\t<\/div>\n\t\t\t\t<\/div>\n\t\t\t\t<\/div>\n\t\t\t\t\t<\/div>\n\t\t<\/div>\n\t\t\t\t<div class=\"elementor-column elementor-col-33 elementor-top-column elementor-element elementor-element-b5592b7\" data-id=\"b5592b7\" data-element_type=\"column\">\n\t\t\t<div class=\"elementor-widget-wrap elementor-element-populated\">\n\t\t\t\t\t\t\t\t<div class=\"elementor-element elementor-element-88fe72b elementor-align-center elementor-widget elementor-widget-button\" data-id=\"88fe72b\" data-element_type=\"widget\" data-widget_type=\"button.default\">\n\t\t\t\t<div class=\"elementor-widget-container\">\n\t\t\t\t\t<div class=\"elementor-button-wrapper\">\n\t\t\t<a class=\"elementor-button elementor-button-link elementor-size-sm\" href=\"https:\/\/www.elfrago.org\/index.php\/2023\/11\/10\/encuentro-historico-el-frago-y-baradili-cerdena-unen-fuerzas-contra-la-despoblacion\/\">\n\t\t\t\t\t\t<span class=\"elementor-button-content-wrapper\">\n\t\t\t\t\t\t<span class=\"elementor-button-text\">Noticia visita noviembre 2023<\/span>\n\t\t<\/span>\n\t\t\t\t\t<\/a>\n\t\t<\/div>\n\t\t\t\t<\/div>\n\t\t\t\t<\/div>\n\t\t\t\t\t<\/div>\n\t\t<\/div>\n\t\t\t\t<div class=\"elementor-column elementor-col-33 elementor-top-column elementor-element elementor-element-bd9462c\" data-id=\"bd9462c\" data-element_type=\"column\">\n\t\t\t<div class=\"elementor-widget-wrap elementor-element-populated\">\n\t\t\t\t\t\t\t\t<div class=\"elementor-element elementor-element-6e3ea89 elementor-align-center elementor-widget elementor-widget-button\" data-id=\"6e3ea89\" data-element_type=\"widget\" data-widget_type=\"button.default\">\n\t\t\t\t<div class=\"elementor-widget-container\">\n\t\t\t\t\t<div class=\"elementor-button-wrapper\">\n\t\t\t<a class=\"elementor-button elementor-button-link elementor-size-sm\" href=\"https:\/\/ccre.org\/activites\/view\/9\">\n\t\t\t\t\t\t<span class=\"elementor-button-content-wrapper\">\n\t\t\t\t\t\t<span class=\"elementor-button-text\">EU Iniciativa Town Twining<\/span>\n\t\t<\/span>\n\t\t\t\t\t<\/a>\n\t\t<\/div>\n\t\t\t\t<\/div>\n\t\t\t\t<\/div>\n\t\t\t\t\t<\/div>\n\t\t<\/div>\n\t\t\t\t\t\t\t<\/div>\n\t\t<\/section>\n\t\t\t\t<section class=\"elementor-section elementor-top-section elementor-element elementor-element-cfd03cc elementor-section-boxed elementor-section-height-default elementor-section-height-default\" data-id=\"cfd03cc\" data-element_type=\"section\">\n\t\t\t\t\t\t<div class=\"elementor-container elementor-column-gap-default\">\n\t\t\t\t\t<div class=\"elementor-column elementor-col-100 elementor-top-column elementor-element elementor-element-a1d56d7\" data-id=\"a1d56d7\" data-element_type=\"column\">\n\t\t\t<div class=\"elementor-widget-wrap elementor-element-populated\">\n\t\t\t\t\t\t\t\t<div class=\"elementor-element elementor-element-bf7ba1a elementor-widget elementor-widget-spacer\" data-id=\"bf7ba1a\" data-element_type=\"widget\" data-widget_type=\"spacer.default\">\n\t\t\t\t<div class=\"elementor-widget-container\">\n\t\t\t\t\t<div class=\"elementor-spacer\">\n\t\t\t<div class=\"elementor-spacer-inner\"><\/div>\n\t\t<\/div>\n\t\t\t\t<\/div>\n\t\t\t\t<\/div>\n\t\t\t\t\t<\/div>\n\t\t<\/div>\n\t\t\t\t\t\t\t<\/div>\n\t\t<\/section>\n\t\t\t\t<section class=\"elementor-section elementor-top-section elementor-element elementor-element-01fceef elementor-section-boxed elementor-section-height-default elementor-section-height-default\" data-id=\"01fceef\" data-element_type=\"section\">\n\t\t\t\t\t\t<div class=\"elementor-container elementor-column-gap-default\">\n\t\t\t\t\t<div class=\"elementor-column elementor-col-100 elementor-top-column elementor-element elementor-element-9db022b\" data-id=\"9db022b\" data-element_type=\"column\">\n\t\t\t<div class=\"elementor-widget-wrap elementor-element-populated\">\n\t\t\t\t\t\t\t\t<div class=\"elementor-element elementor-element-d0d021f elementor-widget elementor-widget-spacer\" data-id=\"d0d021f\" data-element_type=\"widget\" data-widget_type=\"spacer.default\">\n\t\t\t\t<div class=\"elementor-widget-container\">\n\t\t\t\t\t<div class=\"elementor-spacer\">\n\t\t\t<div class=\"elementor-spacer-inner\"><\/div>\n\t\t<\/div>\n\t\t\t\t<\/div>\n\t\t\t\t<\/div>\n\t\t\t\t\t<\/div>\n\t\t<\/div>\n\t\t\t\t\t\t\t<\/div>\n\t\t<\/section>\n\t\t\t\t<section class=\"elementor-section elementor-top-section elementor-element elementor-element-a079d85 elementor-section-boxed elementor-section-height-default elementor-section-height-default\" data-id=\"a079d85\" data-element_type=\"section\">\n\t\t\t\t\t\t<div class=\"elementor-container elementor-column-gap-default\">\n\t\t\t\t\t<div class=\"elementor-column elementor-col-100 elementor-top-column elementor-element elementor-element-1359e42\" data-id=\"1359e42\" data-element_type=\"column\">\n\t\t\t<div class=\"elementor-widget-wrap elementor-element-populated\">\n\t\t\t\t\t\t\t\t<div class=\"elementor-element elementor-element-9609efd elementor-widget elementor-widget-image\" data-id=\"9609efd\" data-element_type=\"widget\" data-widget_type=\"image.default\">\n\t\t\t\t<div class=\"elementor-widget-container\">\n\t\t\t\t\t\t\t\t\t\t\t\t\t\t\t<img decoding=\"async\" width=\"300\" height=\"63\" src=\"https:\/\/www.elfrago.org\/wp-content\/uploads\/2024\/07\/EN-Funded-by-the-EU-POS-300x63.jpg\" class=\"attachment-medium size-medium wp-image-3374\" alt=\"\" loading=\"lazy\" srcset=\"https:\/\/www.elfrago.org\/wp-content\/uploads\/2024\/07\/EN-Funded-by-the-EU-POS-300x63.jpg 300w, https:\/\/www.elfrago.org\/wp-content\/uploads\/2024\/07\/EN-Funded-by-the-EU-POS-768x161.jpg 768w, https:\/\/www.elfrago.org\/wp-content\/uploads\/2024\/07\/EN-Funded-by-the-EU-POS.jpg 991w\" sizes=\"(max-width: 300px) 100vw, 300px\" \/>\t\t\t\t\t\t\t\t\t\t\t\t\t\t\t<\/div>\n\t\t\t\t<\/div>\n\t\t\t\t\t<\/div>\n\t\t<\/div>\n\t\t\t\t\t\t\t<\/div>\n\t\t<\/section>\n\t\t\t\t\t\t\t<\/div>\n\t\t","protected":false},"excerpt":{"rendered":"<p>Actualizaci\u00f3n a 10 de abril de 2025 Querida comunidad de El Frago: Os informamos que, debido a circunstancias sobrevenidas, hemos decidido pausar temporalmente el proyecto de hermanamiento entre Baradili y El Frago. Tomar esta decisi\u00f3n no ha sido f\u00e1cil, pero las condiciones actuales nos obligan a priorizar otros asuntos. Agradecemos sinceramente todo el apoyo que &hellip;<\/p>\n<p class=\"read-more\"> <a class=\"\" href=\"https:\/\/www.elfrago.org\/index.php\/hermanamiento\/\"> <span class=\"screen-reader-text\">Hermanamiento Baradili &#8211; El Frago<\/span> Leer m\u00e1s &raquo;<\/a><\/p>\n","protected":false},"author":4,"featured_media":0,"parent":0,"menu_order":0,"comment_status":"closed","ping_status":"closed","template":"","meta":{"site-sidebar-layout":"no-sidebar","site-content-layout":"plain-container","ast-global-header-display":"","ast-main-header-display":"","ast-hfb-above-header-display":"","ast-hfb-below-header-display":"","ast-hfb-mobile-header-display":"","site-post-title":"disabled","ast-breadcrumbs-content":"","ast-featured-img":"disabled","footer-sml-layout":"","theme-transparent-header-meta":"default","adv-header-id-meta":"","stick-header-meta":"","header-above-stick-meta":"","header-main-stick-meta":"","header-below-stick-meta":""},"_links":{"self":[{"href":"https:\/\/www.elfrago.org\/index.php\/wp-json\/wp\/v2\/pages\/3371"}],"collection":[{"href":"https:\/\/www.elfrago.org\/index.php\/wp-json\/wp\/v2\/pages"}],"about":[{"href":"https:\/\/www.elfrago.org\/index.php\/wp-json\/wp\/v2\/types\/page"}],"author":[{"embeddable":true,"href":"https:\/\/www.elfrago.org\/index.php\/wp-json\/wp\/v2\/users\/4"}],"replies":[{"embeddable":true,"href":"https:\/\/www.elfrago.org\/index.php\/wp-json\/wp\/v2\/comments?post=3371"}],"version-history":[{"count":44,"href":"https:\/\/www.elfrago.org\/index.php\/wp-json\/wp\/v2\/pages\/3371\/revisions"}],"predecessor-version":[{"id":4066,"href":"https:\/\/www.elfrago.org\/index.php\/wp-json\/wp\/v2\/pages\/3371\/revisions\/4066"}],"wp:attachment":[{"href":"https:\/\/www.elfrago.org\/index.php\/wp-json\/wp\/v2\/media?parent=3371"}],"curies":[{"name":"wp","href":"https:\/\/api.w.org\/{rel}","templated":true}]}}