{"id":3244,"date":"2024-07-14T11:54:13","date_gmt":"2024-07-14T09:54:13","guid":{"rendered":"https:\/\/www.elfrago.org\/?page_id=3244"},"modified":"2024-09-22T22:37:43","modified_gmt":"2024-09-22T20:37:43","slug":"plan-local-igualdad","status":"publish","type":"page","link":"https:\/\/www.elfrago.org\/index.php\/plan-local-igualdad\/","title":{"rendered":"I Plan Local de Igualdad"},"content":{"rendered":"\t\t<div data-elementor-type=\"wp-page\" data-elementor-id=\"3244\" class=\"elementor elementor-3244\" data-elementor-post-type=\"page\">\n\t\t\t\t\t\t\t\t\t<section class=\"elementor-section elementor-top-section elementor-element elementor-element-2a700bb elementor-section-boxed elementor-section-height-default elementor-section-height-default\" data-id=\"2a700bb\" data-element_type=\"section\">\n\t\t\t\t\t\t<div class=\"elementor-container elementor-column-gap-default\">\n\t\t\t\t\t<div class=\"elementor-column elementor-col-100 elementor-top-column elementor-element elementor-element-58c1788\" data-id=\"58c1788\" data-element_type=\"column\">\n\t\t\t<div class=\"elementor-widget-wrap elementor-element-populated\">\n\t\t\t\t\t\t\t\t<div class=\"elementor-element elementor-element-45abcd2 elementor-widget elementor-widget-image\" data-id=\"45abcd2\" data-element_type=\"widget\" data-widget_type=\"image.default\">\n\t\t\t\t<div class=\"elementor-widget-container\">\n\t\t\t<style>\/*! elementor - v3.14.0 - 26-06-2023 *\/\n.elementor-widget-image{text-align:center}.elementor-widget-image a{display:inline-block}.elementor-widget-image a img[src$=\".svg\"]{width:48px}.elementor-widget-image img{vertical-align:middle;display:inline-block}<\/style>\t\t\t\t\t\t\t\t\t\t\t\t<img decoding=\"async\" width=\"1024\" height=\"256\" src=\"https:\/\/www.elfrago.org\/wp-content\/uploads\/2024\/07\/plan-local-de-igualdad-de-El-Frago-1024x256.jpg\" class=\"attachment-large size-large wp-image-3245\" alt=\"plan local de igualdad de El Frago\" loading=\"lazy\" srcset=\"https:\/\/www.elfrago.org\/wp-content\/uploads\/2024\/07\/plan-local-de-igualdad-de-El-Frago-1024x256.jpg 1024w, https:\/\/www.elfrago.org\/wp-content\/uploads\/2024\/07\/plan-local-de-igualdad-de-El-Frago-300x75.jpg 300w, https:\/\/www.elfrago.org\/wp-content\/uploads\/2024\/07\/plan-local-de-igualdad-de-El-Frago-768x192.jpg 768w, https:\/\/www.elfrago.org\/wp-content\/uploads\/2024\/07\/plan-local-de-igualdad-de-El-Frago-1536x384.jpg 1536w, https:\/\/www.elfrago.org\/wp-content\/uploads\/2024\/07\/plan-local-de-igualdad-de-El-Frago.jpg 1584w\" sizes=\"(max-width: 1024px) 100vw, 1024px\" \/>\t\t\t\t\t\t\t\t\t\t\t\t\t\t\t<\/div>\n\t\t\t\t<\/div>\n\t\t\t\t\t<\/div>\n\t\t<\/div>\n\t\t\t\t\t\t\t<\/div>\n\t\t<\/section>\n\t\t\t\t<section class=\"elementor-section elementor-top-section elementor-element elementor-element-2283a1f elementor-section-boxed elementor-section-height-default elementor-section-height-default\" data-id=\"2283a1f\" data-element_type=\"section\">\n\t\t\t\t\t\t<div class=\"elementor-container elementor-column-gap-default\">\n\t\t\t\t\t<div class=\"elementor-column elementor-col-100 elementor-top-column elementor-element elementor-element-8745fb1\" data-id=\"8745fb1\" data-element_type=\"column\">\n\t\t\t<div class=\"elementor-widget-wrap elementor-element-populated\">\n\t\t\t\t\t\t\t\t<div class=\"elementor-element elementor-element-639fdbe elementor-widget elementor-widget-heading\" data-id=\"639fdbe\" data-element_type=\"widget\" data-widget_type=\"heading.default\">\n\t\t\t\t<div class=\"elementor-widget-container\">\n\t\t\t<style>\/*! elementor - v3.14.0 - 26-06-2023 *\/\n.elementor-heading-title{padding:0;margin:0;line-height:1}.elementor-widget-heading .elementor-heading-title[class*=elementor-size-]>a{color:inherit;font-size:inherit;line-height:inherit}.elementor-widget-heading .elementor-heading-title.elementor-size-small{font-size:15px}.elementor-widget-heading .elementor-heading-title.elementor-size-medium{font-size:19px}.elementor-widget-heading .elementor-heading-title.elementor-size-large{font-size:29px}.elementor-widget-heading .elementor-heading-title.elementor-size-xl{font-size:39px}.elementor-widget-heading .elementor-heading-title.elementor-size-xxl{font-size:59px}<\/style><h2 class=\"elementor-heading-title elementor-size-default\">Compromiso colectivo para un futuro m\u00e1s igualitario y pr\u00f3spero<\/h2>\t\t<\/div>\n\t\t\t\t<\/div>\n\t\t\t\t\t<\/div>\n\t\t<\/div>\n\t\t\t\t\t\t\t<\/div>\n\t\t<\/section>\n\t\t\t\t<section class=\"elementor-section elementor-top-section elementor-element elementor-element-4ed612f0 elementor-section-boxed elementor-section-height-default elementor-section-height-default\" data-id=\"4ed612f0\" data-element_type=\"section\">\n\t\t\t\t\t\t<div class=\"elementor-container elementor-column-gap-default\">\n\t\t\t\t\t<div class=\"elementor-column elementor-col-100 elementor-top-column elementor-element elementor-element-6eccb86c\" data-id=\"6eccb86c\" data-element_type=\"column\">\n\t\t\t<div class=\"elementor-widget-wrap elementor-element-populated\">\n\t\t\t\t\t\t\t\t<div class=\"elementor-element elementor-element-7ae5c7d4 elementor-widget elementor-widget-text-editor\" data-id=\"7ae5c7d4\" data-element_type=\"widget\" data-widget_type=\"text-editor.default\">\n\t\t\t\t<div class=\"elementor-widget-container\">\n\t\t\t<style>\/*! elementor - v3.14.0 - 26-06-2023 *\/\n.elementor-widget-text-editor.elementor-drop-cap-view-stacked .elementor-drop-cap{background-color:#69727d;color:#fff}.elementor-widget-text-editor.elementor-drop-cap-view-framed .elementor-drop-cap{color:#69727d;border:3px solid;background-color:transparent}.elementor-widget-text-editor:not(.elementor-drop-cap-view-default) .elementor-drop-cap{margin-top:8px}.elementor-widget-text-editor:not(.elementor-drop-cap-view-default) .elementor-drop-cap-letter{width:1em;height:1em}.elementor-widget-text-editor .elementor-drop-cap{float:left;text-align:center;line-height:1;font-size:50px}.elementor-widget-text-editor .elementor-drop-cap-letter{display:inline-block}<\/style>\t\t\t\t<p>En marzo de 2024, la localidad de El Frago se transform\u00f3 en un epicentro de energ\u00eda y compromiso con la celebraci\u00f3n de las &#8220;Jornadas de la Mujer, Mullers d\u2019a Redolada&#8221;. Este evento, que trascendi\u00f3 la mera conmemoraci\u00f3n, se convirti\u00f3 en un espacio vital de reflexi\u00f3n, inspiraci\u00f3n y acci\u00f3n colectiva. A lo largo de diferentes actividades, vecinos y vecinas de todas las edades compartieron experiencias y perspectivas, con un objetivo com\u00fan: <b>avanzar hacia la igualdad de g\u00e9nero en nuestra comunidad<\/b>.<\/p><p>Estas jornadas no solo fortalecieron la cohesi\u00f3n social y el compromiso con la igualdad, sino que tambi\u00e9n marcaron <b>el inicio de un proceso m\u00e1s amplio y ambicioso: la elaboraci\u00f3n del I Plan Local de Igualdad de El Frago<\/b>. Este plan nace de la voluntad de convertir la igualdad formal ante la ley en una <b>igualdad real y efectiva<\/b>, que a\u00fan se vislumbra como un desaf\u00edo en nuestro entorno y en el mundo.<\/p><p>Reconociendo que las desigualdades pueden a\u00fan persistir y deben, por lo tanto, ser identificadas para poder atajarlas, <b>el Ayuntamiento de El Frago, apoyado por la Direcci\u00f3n General de Gobierno Abierto e Innovaci\u00f3n Social del Gobierno de Arag\u00f3n<\/b>, se ha embarcado en este proceso participativo para desarrollar un plan integral que busca asegurar el principio de<b> igualdad de oportunidades y de trato entre mujeres y hombres <\/b>en nuestro territorio.<\/p><p>Este I Plan Local de Igualdad es, por tanto, m\u00e1s que un documento o una serie de directrices; pretende ser un reflejo de nuestra comunidad en acci\u00f3n, un testimonio del compromiso de El Frago con la construcci\u00f3n de un futuro m\u00e1s justo y equitativo para todas las personas.<\/p><p>\u00a0<\/p>\t\t\t\t\t\t<\/div>\n\t\t\t\t<\/div>\n\t\t\t\t\t<\/div>\n\t\t<\/div>\n\t\t\t\t\t\t\t<\/div>\n\t\t<\/section>\n\t\t\t\t<section class=\"elementor-section elementor-top-section elementor-element elementor-element-27e0273 elementor-section-boxed elementor-section-height-default elementor-section-height-default\" data-id=\"27e0273\" data-element_type=\"section\">\n\t\t\t\t\t\t<div class=\"elementor-container elementor-column-gap-default\">\n\t\t\t\t\t<div class=\"elementor-column elementor-col-100 elementor-top-column elementor-element elementor-element-449b3625\" data-id=\"449b3625\" data-element_type=\"column\">\n\t\t\t<div class=\"elementor-widget-wrap elementor-element-populated\">\n\t\t\t\t\t\t\t\t<div class=\"elementor-element elementor-element-4e91053a elementor-widget elementor-widget-heading\" data-id=\"4e91053a\" data-element_type=\"widget\" data-widget_type=\"heading.default\">\n\t\t\t\t<div class=\"elementor-widget-container\">\n\t\t\t<h2 class=\"elementor-heading-title elementor-size-default\">Presentaci\u00f3n utilizada en la sesi\u00f3n informativa del 9\/03\/2024 (El Frago)<\/h2>\t\t<\/div>\n\t\t\t\t<\/div>\n\t\t\t\t\t<\/div>\n\t\t<\/div>\n\t\t\t\t\t\t\t<\/div>\n\t\t<\/section>\n\t\t\t\t<section class=\"elementor-section elementor-top-section elementor-element elementor-element-57650dbc elementor-section-boxed elementor-section-height-default elementor-section-height-default\" data-id=\"57650dbc\" data-element_type=\"section\">\n\t\t\t\t\t\t<div class=\"elementor-container elementor-column-gap-default\">\n\t\t\t\t\t<div class=\"elementor-column elementor-col-100 elementor-top-column elementor-element elementor-element-292226d3\" data-id=\"292226d3\" data-element_type=\"column\">\n\t\t\t<div class=\"elementor-widget-wrap elementor-element-populated\">\n\t\t\t\t\t\t\t\t<div class=\"elementor-element elementor-element-6e135d86 elementor-arrows-position-inside elementor-pagination-position-outside elementor-widget elementor-widget-image-carousel\" data-id=\"6e135d86\" data-element_type=\"widget\" data-settings=\"{&quot;autoplay_speed&quot;:5123,&quot;navigation&quot;:&quot;both&quot;,&quot;autoplay&quot;:&quot;yes&quot;,&quot;pause_on_hover&quot;:&quot;yes&quot;,&quot;pause_on_interaction&quot;:&quot;yes&quot;,&quot;infinite&quot;:&quot;yes&quot;,&quot;speed&quot;:500}\" data-widget_type=\"image-carousel.default\">\n\t\t\t\t<div class=\"elementor-widget-container\">\n\t\t\t<style>\/*! elementor - v3.14.0 - 26-06-2023 *\/\n.elementor-widget-image-carousel .swiper,.elementor-widget-image-carousel .swiper-container{position:static}.elementor-widget-image-carousel .swiper-container .swiper-slide figure,.elementor-widget-image-carousel .swiper .swiper-slide figure{line-height:inherit}.elementor-widget-image-carousel .swiper-slide{text-align:center}.elementor-image-carousel-wrapper:not(.swiper-container-initialized):not(.swiper-initialized) .swiper-slide{max-width:calc(100% \/ var(--e-image-carousel-slides-to-show, 3))}<\/style>\t\t<div class=\"elementor-image-carousel-wrapper swiper-container\" dir=\"ltr\">\n\t\t\t<div class=\"elementor-image-carousel swiper-wrapper\" aria-live=\"off\">\n\t\t\t\t\t\t\t\t<div class=\"swiper-slide\" role=\"group\" aria-roledescription=\"slide\" aria-label=\"1 de 6\"><figure class=\"swiper-slide-inner\"><img decoding=\"async\" class=\"swiper-slide-image\" src=\"https:\/\/www.elfrago.org\/wp-content\/uploads\/2024\/03\/1-1-1024x576.jpg\" alt=\"\" \/><\/figure><\/div><div class=\"swiper-slide\" role=\"group\" aria-roledescription=\"slide\" aria-label=\"2 de 6\"><figure class=\"swiper-slide-inner\"><img decoding=\"async\" class=\"swiper-slide-image\" src=\"https:\/\/www.elfrago.org\/wp-content\/uploads\/2024\/03\/2-1-1024x576.jpg\" alt=\"2\" \/><\/figure><\/div><div class=\"swiper-slide\" role=\"group\" aria-roledescription=\"slide\" aria-label=\"3 de 6\"><figure class=\"swiper-slide-inner\"><img decoding=\"async\" class=\"swiper-slide-image\" src=\"https:\/\/www.elfrago.org\/wp-content\/uploads\/2024\/03\/3-1-1024x576.jpg\" alt=\"3\" \/><\/figure><\/div><div class=\"swiper-slide\" role=\"group\" aria-roledescription=\"slide\" aria-label=\"4 de 6\"><figure class=\"swiper-slide-inner\"><img decoding=\"async\" class=\"swiper-slide-image\" src=\"https:\/\/www.elfrago.org\/wp-content\/uploads\/2024\/03\/4-1-1024x576.jpg\" alt=\"4\" \/><\/figure><\/div><div class=\"swiper-slide\" role=\"group\" aria-roledescription=\"slide\" aria-label=\"5 de 6\"><figure class=\"swiper-slide-inner\"><img decoding=\"async\" class=\"swiper-slide-image\" src=\"https:\/\/www.elfrago.org\/wp-content\/uploads\/2024\/03\/5-1-1024x576.jpg\" alt=\"5\" \/><\/figure><\/div><div class=\"swiper-slide\" role=\"group\" aria-roledescription=\"slide\" aria-label=\"6 de 6\"><figure class=\"swiper-slide-inner\"><img decoding=\"async\" class=\"swiper-slide-image\" src=\"https:\/\/www.elfrago.org\/wp-content\/uploads\/2024\/03\/6-1-1024x576.jpg\" alt=\"6\" \/><\/figure><\/div>\t\t\t<\/div>\n\t\t\t\t\t\t\t\t\t\t\t\t<div class=\"elementor-swiper-button elementor-swiper-button-prev\" role=\"button\" tabindex=\"0\">\n\t\t\t\t\t\t<i aria-hidden=\"true\" class=\"eicon-chevron-left\"><\/i>\t\t\t\t\t<\/div>\n\t\t\t\t\t<div class=\"elementor-swiper-button elementor-swiper-button-next\" role=\"button\" tabindex=\"0\">\n\t\t\t\t\t\t<i aria-hidden=\"true\" class=\"eicon-chevron-right\"><\/i>\t\t\t\t\t<\/div>\n\t\t\t\t\n\t\t\t\t\t\t\t\t\t<div class=\"swiper-pagination\"><\/div>\n\t\t\t\t\t\t\t\t\t<\/div>\n\t\t\t\t<\/div>\n\t\t\t\t<\/div>\n\t\t\t\t<div class=\"elementor-element elementor-element-8f14c97 elementor-widget elementor-widget-spacer\" data-id=\"8f14c97\" data-element_type=\"widget\" data-widget_type=\"spacer.default\">\n\t\t\t\t<div class=\"elementor-widget-container\">\n\t\t\t<style>\/*! elementor - v3.14.0 - 26-06-2023 *\/\n.elementor-column .elementor-spacer-inner{height:var(--spacer-size)}.e-con{--container-widget-width:100%}.e-con-inner>.elementor-widget-spacer,.e-con>.elementor-widget-spacer{width:var(--container-widget-width,var(--spacer-size));--align-self:var(--container-widget-align-self,initial);--flex-shrink:0}.e-con-inner>.elementor-widget-spacer>.elementor-widget-container,.e-con-inner>.elementor-widget-spacer>.elementor-widget-container>.elementor-spacer,.e-con>.elementor-widget-spacer>.elementor-widget-container,.e-con>.elementor-widget-spacer>.elementor-widget-container>.elementor-spacer{height:100%}.e-con-inner>.elementor-widget-spacer>.elementor-widget-container>.elementor-spacer>.elementor-spacer-inner,.e-con>.elementor-widget-spacer>.elementor-widget-container>.elementor-spacer>.elementor-spacer-inner{height:var(--container-widget-height,var(--spacer-size))}<\/style>\t\t<div class=\"elementor-spacer\">\n\t\t\t<div class=\"elementor-spacer-inner\"><\/div>\n\t\t<\/div>\n\t\t\t\t<\/div>\n\t\t\t\t<\/div>\n\t\t\t\t\t<\/div>\n\t\t<\/div>\n\t\t\t\t\t\t\t<\/div>\n\t\t<\/section>\n\t\t\t\t<section class=\"elementor-section elementor-top-section elementor-element elementor-element-5b496da elementor-section-boxed elementor-section-height-default elementor-section-height-default\" data-id=\"5b496da\" data-element_type=\"section\">\n\t\t\t\t\t\t<div class=\"elementor-container elementor-column-gap-default\">\n\t\t\t\t\t<div class=\"elementor-column elementor-col-100 elementor-top-column elementor-element elementor-element-b45d624\" data-id=\"b45d624\" data-element_type=\"column\">\n\t\t\t<div class=\"elementor-widget-wrap elementor-element-populated\">\n\t\t\t\t\t\t\t\t<div class=\"elementor-element elementor-element-de6969a elementor-widget elementor-widget-spacer\" data-id=\"de6969a\" data-element_type=\"widget\" data-widget_type=\"spacer.default\">\n\t\t\t\t<div class=\"elementor-widget-container\">\n\t\t\t\t\t<div class=\"elementor-spacer\">\n\t\t\t<div class=\"elementor-spacer-inner\"><\/div>\n\t\t<\/div>\n\t\t\t\t<\/div>\n\t\t\t\t<\/div>\n\t\t\t\t\t<\/div>\n\t\t<\/div>\n\t\t\t\t\t\t\t<\/div>\n\t\t<\/section>\n\t\t\t\t<section class=\"elementor-section elementor-top-section elementor-element elementor-element-b72ac85 elementor-section-boxed elementor-section-height-default elementor-section-height-default\" data-id=\"b72ac85\" data-element_type=\"section\">\n\t\t\t\t\t\t<div class=\"elementor-container elementor-column-gap-default\">\n\t\t\t\t\t<div class=\"elementor-column elementor-col-66 elementor-top-column elementor-element elementor-element-3899198\" data-id=\"3899198\" data-element_type=\"column\">\n\t\t\t<div class=\"elementor-widget-wrap elementor-element-populated\">\n\t\t\t\t\t\t\t\t<section class=\"elementor-section elementor-inner-section elementor-element elementor-element-f091d48 elementor-section-boxed elementor-section-height-default elementor-section-height-default\" data-id=\"f091d48\" data-element_type=\"section\">\n\t\t\t\t\t\t<div class=\"elementor-container elementor-column-gap-default\">\n\t\t\t\t\t<div class=\"elementor-column elementor-col-50 elementor-inner-column elementor-element elementor-element-352aa08\" data-id=\"352aa08\" data-element_type=\"column\">\n\t\t\t<div class=\"elementor-widget-wrap elementor-element-populated\">\n\t\t\t\t\t\t\t\t<div class=\"elementor-element elementor-element-1c3457d elementor-widget elementor-widget-text-editor\" data-id=\"1c3457d\" data-element_type=\"widget\" data-widget_type=\"text-editor.default\">\n\t\t\t\t<div class=\"elementor-widget-container\">\n\t\t\t\t\t\t\t<h3><b>Marco normativo y fundamento legal<\/b><\/h3>\t\t\t\t\t\t<\/div>\n\t\t\t\t<\/div>\n\t\t\t\t<div class=\"elementor-element elementor-element-80a3a6c elementor-widget elementor-widget-text-editor\" data-id=\"80a3a6c\" data-element_type=\"widget\" data-widget_type=\"text-editor.default\">\n\t\t\t\t<div class=\"elementor-widget-container\">\n\t\t\t\t\t\t\t<h3><span style=\"font-size: 15px; font-style: inherit; font-weight: inherit; color: var( --e-global-color-text ); font-family: var( --e-global-typography-text-font-family ), Sans-serif; background-color: var(--ast-global-color-5);\">El I Plan Local de Igualdad de El Frago se fundamenta en el compromiso de cumplir con la<\/span><b style=\"font-size: 15px; font-style: inherit; color: var( --e-global-color-text ); font-family: var( --e-global-typography-text-font-family ), Sans-serif; background-color: var(--ast-global-color-5);\"> Ley de Igualdad de Oportunidades entre mujeres y hombres en Arag\u00f3n y la Ley Org\u00e1nica para la igualdad efectiva de mujeres y hombres a nivel nacional<\/b><span style=\"font-size: 15px; font-style: inherit; font-weight: inherit; color: var( --e-global-color-text ); font-family: var( --e-global-typography-text-font-family ), Sans-serif; background-color: var(--ast-global-color-5);\">. Estas leyes establecen el marco jur\u00eddico necesario para abordar las desigualdades y promover una sociedad m\u00e1s equitativa. Para obtener m\u00e1s detalles sobre el marco normativo que respalda este plan, se puede descargar el documento completo.<\/span><\/h3>\t\t\t\t\t\t<\/div>\n\t\t\t\t<\/div>\n\t\t\t\t\t<\/div>\n\t\t<\/div>\n\t\t\t\t<div class=\"elementor-column elementor-col-50 elementor-inner-column elementor-element elementor-element-7672ebb\" data-id=\"7672ebb\" data-element_type=\"column\">\n\t\t\t<div class=\"elementor-widget-wrap elementor-element-populated\">\n\t\t\t\t\t\t\t\t<div class=\"elementor-element elementor-element-d6dac05 elementor-widget elementor-widget-spacer\" data-id=\"d6dac05\" data-element_type=\"widget\" data-widget_type=\"spacer.default\">\n\t\t\t\t<div class=\"elementor-widget-container\">\n\t\t\t\t\t<div class=\"elementor-spacer\">\n\t\t\t<div class=\"elementor-spacer-inner\"><\/div>\n\t\t<\/div>\n\t\t\t\t<\/div>\n\t\t\t\t<\/div>\n\t\t\t\t<div class=\"elementor-element elementor-element-8641d03 elementor-widget elementor-widget-image\" data-id=\"8641d03\" data-element_type=\"widget\" data-widget_type=\"image.default\">\n\t\t\t\t<div class=\"elementor-widget-container\">\n\t\t\t\t\t\t\t\t\t\t\t\t\t\t\t<img decoding=\"async\" width=\"730\" height=\"1024\" src=\"https:\/\/www.elfrago.org\/wp-content\/uploads\/2024\/07\/Planigualdad_El_Frago-01-730x1024.jpg\" class=\"attachment-large size-large wp-image-3249\" alt=\"\" loading=\"lazy\" srcset=\"https:\/\/www.elfrago.org\/wp-content\/uploads\/2024\/07\/Planigualdad_El_Frago-01-730x1024.jpg 730w, https:\/\/www.elfrago.org\/wp-content\/uploads\/2024\/07\/Planigualdad_El_Frago-01-214x300.jpg 214w, https:\/\/www.elfrago.org\/wp-content\/uploads\/2024\/07\/Planigualdad_El_Frago-01-768x1077.jpg 768w, https:\/\/www.elfrago.org\/wp-content\/uploads\/2024\/07\/Planigualdad_El_Frago-01-1095x1536.jpg 1095w, https:\/\/www.elfrago.org\/wp-content\/uploads\/2024\/07\/Planigualdad_El_Frago-01-1460x2048.jpg 1460w, https:\/\/www.elfrago.org\/wp-content\/uploads\/2024\/07\/Planigualdad_El_Frago-01-scaled.jpg 1825w\" sizes=\"(max-width: 730px) 100vw, 730px\" \/>\t\t\t\t\t\t\t\t\t\t\t\t\t\t\t<\/div>\n\t\t\t\t<\/div>\n\t\t\t\t\t<\/div>\n\t\t<\/div>\n\t\t\t\t\t\t\t<\/div>\n\t\t<\/section>\n\t\t\t\t\t<\/div>\n\t\t<\/div>\n\t\t\t\t<div class=\"elementor-column elementor-col-33 elementor-top-column elementor-element elementor-element-523e47d\" data-id=\"523e47d\" data-element_type=\"column\">\n\t\t\t<div class=\"elementor-widget-wrap elementor-element-populated\">\n\t\t\t\t\t\t\t\t<div class=\"elementor-element elementor-element-00bb329 elementor-widget elementor-widget-text-editor\" data-id=\"00bb329\" data-element_type=\"widget\" data-widget_type=\"text-editor.default\">\n\t\t\t\t<div class=\"elementor-widget-container\">\n\t\t\t\t\t\t\t<h3><span style=\"color: var(--ast-global-color-2); font-size: 1.66667rem; font-style: inherit; font-family: var( --e-global-typography-text-font-family ), Sans-serif; background-color: var(--ast-global-color-5);\"><b>Objetivos del I\u00a0<\/b><\/span><b style=\"color: var(--ast-global-color-2); font-family: var( --e-global-typography-text-font-family ), Sans-serif; font-size: 1.66667rem; font-style: inherit;\">Plan Local de Igualdad<\/b><\/h3>\t\t\t\t\t\t<\/div>\n\t\t\t\t<\/div>\n\t\t\t\t<div class=\"elementor-element elementor-element-2517e75 elementor-widget elementor-widget-text-editor\" data-id=\"2517e75\" data-element_type=\"widget\" data-widget_type=\"text-editor.default\">\n\t\t\t\t<div class=\"elementor-widget-container\">\n\t\t\t\t\t\t\t<h3><span style=\"font-size: 15px; font-style: inherit; font-weight: inherit; color: var( --e-global-color-text ); font-family: var( --e-global-typography-text-font-family ), Sans-serif; background-color: var(--ast-global-color-5);\">El I Plan Local de Igualdad de El Frago tiene como objetivos principales corregir <\/span><b style=\"font-size: 15px; font-style: inherit; color: var( --e-global-color-text ); font-family: var( --e-global-typography-text-font-family ), Sans-serif; background-color: var(--ast-global-color-5);\">posibles desequilibrios de g\u00e9nero, promover la igualdad efectiva en el acceso a oportunidades y garantizar un tratamiento equitativo en todos los \u00e1mbitos de la vida municipal.<\/b><span style=\"font-size: 15px; font-style: inherit; font-weight: inherit; color: var( --e-global-color-text ); font-family: var( --e-global-typography-text-font-family ), Sans-serif; background-color: var(--ast-global-color-5);\"> Estos objetivos se traducen en medidas espec\u00edficas destinadas a mejorar la inclusi\u00f3n y la justicia social dentro de la comunidad. Para una descripci\u00f3n detallada de los objetivos y medidas, se recomienda descargar y consultar el documento completo del plan.<\/span><\/h3>\t\t\t\t\t\t<\/div>\n\t\t\t\t<\/div>\n\t\t\t\t\t<\/div>\n\t\t<\/div>\n\t\t\t\t\t\t\t<\/div>\n\t\t<\/section>\n\t\t\t\t<section class=\"elementor-section elementor-top-section elementor-element elementor-element-5a8cce5 elementor-section-boxed elementor-section-height-default elementor-section-height-default\" data-id=\"5a8cce5\" data-element_type=\"section\">\n\t\t\t\t\t\t<div class=\"elementor-container elementor-column-gap-default\">\n\t\t\t\t\t<div class=\"elementor-column elementor-col-100 elementor-top-column elementor-element elementor-element-9a9bc98\" data-id=\"9a9bc98\" data-element_type=\"column\">\n\t\t\t<div class=\"elementor-widget-wrap elementor-element-populated\">\n\t\t\t\t\t\t\t\t<div class=\"elementor-element elementor-element-742baa9 elementor-align-center elementor-widget elementor-widget-button\" data-id=\"742baa9\" data-element_type=\"widget\" data-widget_type=\"button.default\">\n\t\t\t\t<div class=\"elementor-widget-container\">\n\t\t\t\t\t<div class=\"elementor-button-wrapper\">\n\t\t\t<a class=\"elementor-button elementor-button-link elementor-size-lg\" href=\"https:\/\/www.elfrago.org\/wp-content\/uploads\/2024\/07\/BORRADORIPlanLocalIgualdadELFRAGO.pdf\" target=\"_blank\">\n\t\t\t\t\t\t<span class=\"elementor-button-content-wrapper\">\n\t\t\t\t\t\t<span class=\"elementor-button-text\">DESCARGAR BORRADOR PLAN (Pendiente aprobaci\u00f3n)<\/span>\n\t\t<\/span>\n\t\t\t\t\t<\/a>\n\t\t<\/div>\n\t\t\t\t<\/div>\n\t\t\t\t<\/div>\n\t\t\t\t\t<\/div>\n\t\t<\/div>\n\t\t\t\t\t\t\t<\/div>\n\t\t<\/section>\n\t\t\t\t<section class=\"elementor-section elementor-top-section elementor-element elementor-element-1cff4ae elementor-section-boxed elementor-section-height-default elementor-section-height-default\" data-id=\"1cff4ae\" data-element_type=\"section\">\n\t\t\t\t\t\t<div class=\"elementor-container elementor-column-gap-default\">\n\t\t\t\t\t<div class=\"elementor-column elementor-col-100 elementor-top-column elementor-element elementor-element-9d3c16e\" data-id=\"9d3c16e\" data-element_type=\"column\">\n\t\t\t<div class=\"elementor-widget-wrap elementor-element-populated\">\n\t\t\t\t\t\t\t\t<div class=\"elementor-element elementor-element-669793a elementor-widget elementor-widget-spacer\" data-id=\"669793a\" data-element_type=\"widget\" data-widget_type=\"spacer.default\">\n\t\t\t\t<div class=\"elementor-widget-container\">\n\t\t\t\t\t<div class=\"elementor-spacer\">\n\t\t\t<div class=\"elementor-spacer-inner\"><\/div>\n\t\t<\/div>\n\t\t\t\t<\/div>\n\t\t\t\t<\/div>\n\t\t\t\t\t<\/div>\n\t\t<\/div>\n\t\t\t\t\t\t\t<\/div>\n\t\t<\/section>\n\t\t\t\t<section class=\"elementor-section elementor-top-section elementor-element elementor-element-f5b0284 elementor-section-boxed elementor-section-height-default elementor-section-height-default\" data-id=\"f5b0284\" data-element_type=\"section\">\n\t\t\t\t\t\t<div class=\"elementor-container elementor-column-gap-default\">\n\t\t\t\t\t<div class=\"elementor-column elementor-col-100 elementor-top-column elementor-element elementor-element-69d7ceb\" data-id=\"69d7ceb\" data-element_type=\"column\">\n\t\t\t<div class=\"elementor-widget-wrap elementor-element-populated\">\n\t\t\t\t\t\t\t\t<div class=\"elementor-element elementor-element-3b4f5d7 elementor-widget elementor-widget-text-editor\" data-id=\"3b4f5d7\" data-element_type=\"widget\" data-widget_type=\"text-editor.default\">\n\t\t\t\t<div class=\"elementor-widget-container\">\n\t\t\t\t\t\t\t<h3 style=\"font-size: 1.66667rem; font-style: normal;\"><b>\u00c1mbitos de actuaci\u00f3n y medidas propuestas<\/b><\/h3>\t\t\t\t\t\t<\/div>\n\t\t\t\t<\/div>\n\t\t\t\t<div class=\"elementor-element elementor-element-f4ad048 elementor-widget elementor-widget-text-editor\" data-id=\"f4ad048\" data-element_type=\"widget\" data-widget_type=\"text-editor.default\">\n\t\t\t\t<div class=\"elementor-widget-container\">\n\t\t\t\t\t\t\t<p>El I Plan Local de Igualdad de El Frago es una iniciativa din\u00e1mica y evolutiva, dise\u00f1ada para adaptarse y responder a las necesidades cambiantes de nuestra comunidad. Concebido como un documento &#8220;vivo&#8221;, este plan no solo se compromete a promover la igualdad de g\u00e9nero, sino tambi\u00e9n a ajustarse flexiblemente a las circunstancias reales y a los recursos humanos disponibles en cada momento. Su objetivo es construir una sociedad m\u00e1s justa e inclusiva, donde cada acci\u00f3n y medida refleje las realidades actuales de los ciudadanos de El Frago.<\/p>\t\t\t\t\t\t<\/div>\n\t\t\t\t<\/div>\n\t\t\t\t\t<\/div>\n\t\t<\/div>\n\t\t\t\t\t\t\t<\/div>\n\t\t<\/section>\n\t\t\t\t<section class=\"elementor-section elementor-top-section elementor-element elementor-element-1e2d81e elementor-section-boxed elementor-section-height-default elementor-section-height-default\" data-id=\"1e2d81e\" data-element_type=\"section\">\n\t\t\t\t\t\t<div class=\"elementor-container elementor-column-gap-default\">\n\t\t\t\t\t<div class=\"elementor-column elementor-col-33 elementor-top-column elementor-element elementor-element-8325a03\" data-id=\"8325a03\" data-element_type=\"column\">\n\t\t\t<div class=\"elementor-widget-wrap elementor-element-populated\">\n\t\t\t\t\t\t\t\t<div class=\"elementor-element elementor-element-be4b50e elementor-widget elementor-widget-text-editor\" data-id=\"be4b50e\" data-element_type=\"widget\" data-widget_type=\"text-editor.default\">\n\t\t\t\t<div class=\"elementor-widget-container\">\n\t\t\t\t\t\t\t<h4><b>Acceso al mercado laboral<\/b><\/h4>\t\t\t\t\t\t<\/div>\n\t\t\t\t<\/div>\n\t\t\t\t<div class=\"elementor-element elementor-element-b4d0935 elementor-widget elementor-widget-spacer\" data-id=\"b4d0935\" data-element_type=\"widget\" data-widget_type=\"spacer.default\">\n\t\t\t\t<div class=\"elementor-widget-container\">\n\t\t\t\t\t<div class=\"elementor-spacer\">\n\t\t\t<div class=\"elementor-spacer-inner\"><\/div>\n\t\t<\/div>\n\t\t\t\t<\/div>\n\t\t\t\t<\/div>\n\t\t\t\t<div class=\"elementor-element elementor-element-c7b2225 elementor-widget elementor-widget-text-editor\" data-id=\"c7b2225\" data-element_type=\"widget\" data-widget_type=\"text-editor.default\">\n\t\t\t\t<div class=\"elementor-widget-container\">\n\t\t\t\t\t\t\t<h4><span style=\"background-color: var(--ast-global-color-5); color: var( --e-global-color-text ); font-family: var( --e-global-typography-text-font-family ), Sans-serif; font-size: 15px; font-style: inherit; font-weight: inherit;\">Este eje estrat\u00e9gico busca mejorar las oportunidades de empleo para todos, especialmente para las mujeres, mediante el fortalecimiento de la formaci\u00f3n profesional, el apoyo al emprendimiento femenino y la eliminaci\u00f3n de barreras para el acceso laboral. Las medidas incluyen programas de formaci\u00f3n adaptados a las necesidades del mercado y el asesoramiento personalizado para mujeres desempleadas.<\/span><br><\/h4>\t\t\t\t\t\t<\/div>\n\t\t\t\t<\/div>\n\t\t\t\t\t<\/div>\n\t\t<\/div>\n\t\t\t\t<div class=\"elementor-column elementor-col-33 elementor-top-column elementor-element elementor-element-3a23b62\" data-id=\"3a23b62\" data-element_type=\"column\">\n\t\t\t<div class=\"elementor-widget-wrap elementor-element-populated\">\n\t\t\t\t\t\t\t\t<div class=\"elementor-element elementor-element-29bf740 elementor-widget elementor-widget-text-editor\" data-id=\"29bf740\" data-element_type=\"widget\" data-widget_type=\"text-editor.default\">\n\t\t\t\t<div class=\"elementor-widget-container\">\n\t\t\t\t\t\t\t<h4 style=\"font-size: 1.33333rem; font-style: normal; text-align: center;\"><b>Comunidad igualitaria\u00a0<\/b><\/h4>\t\t\t\t\t\t<\/div>\n\t\t\t\t<\/div>\n\t\t\t\t<div class=\"elementor-element elementor-element-377864e elementor-widget elementor-widget-spacer\" data-id=\"377864e\" data-element_type=\"widget\" data-widget_type=\"spacer.default\">\n\t\t\t\t<div class=\"elementor-widget-container\">\n\t\t\t\t\t<div class=\"elementor-spacer\">\n\t\t\t<div class=\"elementor-spacer-inner\"><\/div>\n\t\t<\/div>\n\t\t\t\t<\/div>\n\t\t\t\t<\/div>\n\t\t\t\t<div class=\"elementor-element elementor-element-2b24182 elementor-widget elementor-widget-text-editor\" data-id=\"2b24182\" data-element_type=\"widget\" data-widget_type=\"text-editor.default\">\n\t\t\t\t<div class=\"elementor-widget-container\">\n\t\t\t\t\t\t\t<p>Centrado en fomentar una cultura de igualdad y corresponsabilidad en todos los \u00e1mbitos de la vida comunitaria, este eje incluye acciones para mejorar la conciliaci\u00f3n de la vida laboral y personal, el apoyo a iniciativas culturales que promuevan la igualdad de g\u00e9nero y el fortalecimiento de redes comunitarias que apoyen la diversidad y la inclusi\u00f3n. Las actividades propuestas buscan involucrar tanto a hombres como a mujeres en la promoci\u00f3n activa de la igualdadi<\/p>\t\t\t\t\t\t<\/div>\n\t\t\t\t<\/div>\n\t\t\t\t\t<\/div>\n\t\t<\/div>\n\t\t\t\t<div class=\"elementor-column elementor-col-33 elementor-top-column elementor-element elementor-element-e9823a3\" data-id=\"e9823a3\" data-element_type=\"column\">\n\t\t\t<div class=\"elementor-widget-wrap elementor-element-populated\">\n\t\t\t\t\t\t\t\t<div class=\"elementor-element elementor-element-814f1fe elementor-widget elementor-widget-text-editor\" data-id=\"814f1fe\" data-element_type=\"widget\" data-widget_type=\"text-editor.default\">\n\t\t\t\t<div class=\"elementor-widget-container\">\n\t\t\t\t\t\t\t<h4 style=\"font-size: 1.33333rem; font-style: normal; text-align: center;\"><b>Ayuntamiento e igualdad<\/b><\/h4>\t\t\t\t\t\t<\/div>\n\t\t\t\t<\/div>\n\t\t\t\t<div class=\"elementor-element elementor-element-3d914d3 elementor-widget elementor-widget-spacer\" data-id=\"3d914d3\" data-element_type=\"widget\" data-widget_type=\"spacer.default\">\n\t\t\t\t<div class=\"elementor-widget-container\">\n\t\t\t\t\t<div class=\"elementor-spacer\">\n\t\t\t<div class=\"elementor-spacer-inner\"><\/div>\n\t\t<\/div>\n\t\t\t\t<\/div>\n\t\t\t\t<\/div>\n\t\t\t\t<div class=\"elementor-element elementor-element-07ebac5 elementor-widget elementor-widget-text-editor\" data-id=\"07ebac5\" data-element_type=\"widget\" data-widget_type=\"text-editor.default\">\n\t\t\t\t<div class=\"elementor-widget-container\">\n\t\t\t\t\t\t\t<p>El Ayuntamiento se compromete a ser un modelo de igualdad, incorporando la perspectiva de g\u00e9nero en todas sus pol\u00edticas y actuaciones. Este eje estrat\u00e9gico se centra en mejorar la capacidad de respuesta del ayuntamiento a las cuestiones de g\u00e9nero, asegurar la implementaci\u00f3n efectiva de pol\u00edticas de igualdad y fomentar la participaci\u00f3n de las mujeres en los espacios de decisi\u00f3n pol\u00edtica y administrativa.<\/p>\t\t\t\t\t\t<\/div>\n\t\t\t\t<\/div>\n\t\t\t\t\t<\/div>\n\t\t<\/div>\n\t\t\t\t\t\t\t<\/div>\n\t\t<\/section>\n\t\t\t\t<section class=\"elementor-section elementor-top-section elementor-element elementor-element-c4dced8 elementor-section-boxed elementor-section-height-default elementor-section-height-default\" data-id=\"c4dced8\" data-element_type=\"section\">\n\t\t\t\t\t\t<div class=\"elementor-container elementor-column-gap-default\">\n\t\t\t\t\t<div class=\"elementor-column elementor-col-100 elementor-top-column elementor-element elementor-element-ffa6e89\" data-id=\"ffa6e89\" data-element_type=\"column\">\n\t\t\t<div class=\"elementor-widget-wrap elementor-element-populated\">\n\t\t\t\t\t\t\t\t<div class=\"elementor-element elementor-element-2dc2aa8 elementor-widget elementor-widget-spacer\" data-id=\"2dc2aa8\" data-element_type=\"widget\" data-widget_type=\"spacer.default\">\n\t\t\t\t<div class=\"elementor-widget-container\">\n\t\t\t\t\t<div class=\"elementor-spacer\">\n\t\t\t<div class=\"elementor-spacer-inner\"><\/div>\n\t\t<\/div>\n\t\t\t\t<\/div>\n\t\t\t\t<\/div>\n\t\t\t\t\t<\/div>\n\t\t<\/div>\n\t\t\t\t\t\t\t<\/div>\n\t\t<\/section>\n\t\t\t\t<section class=\"elementor-section elementor-top-section elementor-element elementor-element-d29a900 elementor-section-boxed elementor-section-height-default elementor-section-height-default\" data-id=\"d29a900\" data-element_type=\"section\">\n\t\t\t\t\t\t<div class=\"elementor-container elementor-column-gap-default\">\n\t\t\t\t\t<div class=\"elementor-column elementor-col-33 elementor-top-column elementor-element elementor-element-4556049\" data-id=\"4556049\" data-element_type=\"column\" data-settings=\"{&quot;background_background&quot;:&quot;classic&quot;}\">\n\t\t\t<div class=\"elementor-widget-wrap elementor-element-populated\">\n\t\t\t\t\t\t\t\t<div class=\"elementor-element elementor-element-385b13d elementor-widget elementor-widget-spacer\" data-id=\"385b13d\" data-element_type=\"widget\" data-widget_type=\"spacer.default\">\n\t\t\t\t<div class=\"elementor-widget-container\">\n\t\t\t\t\t<div class=\"elementor-spacer\">\n\t\t\t<div class=\"elementor-spacer-inner\"><\/div>\n\t\t<\/div>\n\t\t\t\t<\/div>\n\t\t\t\t<\/div>\n\t\t\t\t<div class=\"elementor-element elementor-element-b1bb645 elementor-widget elementor-widget-text-editor\" data-id=\"b1bb645\" data-element_type=\"widget\" data-widget_type=\"text-editor.default\">\n\t\t\t\t<div class=\"elementor-widget-container\">\n\t\t\t\t\t\t\t<h3 style=\"font-size: 1.66667rem; font-style: normal;\"><b style=\"color: var(--ast-global-color-2); font-size: 1.66667rem; font-family: var( --e-global-typography-text-font-family ), Sans-serif; background-color: var(--ast-global-color-5);\">Compromiso con la flexibilidad y adaptabilidad<\/b><\/h3>\t\t\t\t\t\t<\/div>\n\t\t\t\t<\/div>\n\t\t\t\t\t<\/div>\n\t\t<\/div>\n\t\t\t\t<div class=\"elementor-column elementor-col-66 elementor-top-column elementor-element elementor-element-3974ddc\" data-id=\"3974ddc\" data-element_type=\"column\">\n\t\t\t<div class=\"elementor-widget-wrap elementor-element-populated\">\n\t\t\t\t\t\t\t\t<div class=\"elementor-element elementor-element-15649e1 elementor-widget elementor-widget-text-editor\" data-id=\"15649e1\" data-element_type=\"widget\" data-widget_type=\"text-editor.default\">\n\t\t\t\t<div class=\"elementor-widget-container\">\n\t\t\t\t\t\t\t<h3><span style=\"font-size: 15px; font-style: inherit; font-weight: inherit; color: var( --e-global-color-text ); font-family: var( --e-global-typography-text-font-family ), Sans-serif; background-color: var(--ast-global-color-5);\">Reconociendo la importancia de la adaptabilidad, el I Plan Local de Igualdad se compromete a revisar y ajustar regularmente sus estrategias y acciones para garantizar su relevancia y eficacia continua. Este enfoque permite al plan evolucionar en funci\u00f3n de los desarrollos sociales, econ\u00f3micos y culturales, asegurando que cada medida no solo sea efectiva sino tambi\u00e9n sostenible a largo plazo.<\/span><\/h3>\t\t\t\t\t\t<\/div>\n\t\t\t\t<\/div>\n\t\t\t\t\t<\/div>\n\t\t<\/div>\n\t\t\t\t\t\t\t<\/div>\n\t\t<\/section>\n\t\t\t\t<section class=\"elementor-section elementor-top-section elementor-element elementor-element-dcc3424 elementor-section-boxed elementor-section-height-default elementor-section-height-default\" data-id=\"dcc3424\" data-element_type=\"section\">\n\t\t\t\t\t\t<div class=\"elementor-container elementor-column-gap-default\">\n\t\t\t\t\t<div class=\"elementor-column elementor-col-100 elementor-top-column elementor-element elementor-element-db564d3\" data-id=\"db564d3\" data-element_type=\"column\">\n\t\t\t<div class=\"elementor-widget-wrap elementor-element-populated\">\n\t\t\t\t\t\t\t\t<div class=\"elementor-element elementor-element-99ba689 elementor-widget elementor-widget-spacer\" data-id=\"99ba689\" data-element_type=\"widget\" data-widget_type=\"spacer.default\">\n\t\t\t\t<div class=\"elementor-widget-container\">\n\t\t\t\t\t<div class=\"elementor-spacer\">\n\t\t\t<div class=\"elementor-spacer-inner\"><\/div>\n\t\t<\/div>\n\t\t\t\t<\/div>\n\t\t\t\t<\/div>\n\t\t\t\t\t<\/div>\n\t\t<\/div>\n\t\t\t\t\t\t\t<\/div>\n\t\t<\/section>\n\t\t\t\t<section class=\"elementor-section elementor-top-section elementor-element elementor-element-5c35396 elementor-section-boxed elementor-section-height-default elementor-section-height-default\" data-id=\"5c35396\" data-element_type=\"section\">\n\t\t\t\t\t\t<div class=\"elementor-container elementor-column-gap-default\">\n\t\t\t\t\t<div class=\"elementor-column elementor-col-100 elementor-top-column elementor-element elementor-element-51a45d5\" data-id=\"51a45d5\" data-element_type=\"column\">\n\t\t\t<div class=\"elementor-widget-wrap elementor-element-populated\">\n\t\t\t\t\t\t\t\t<div class=\"elementor-element elementor-element-8be9f6e elementor-widget elementor-widget-text-editor\" data-id=\"8be9f6e\" data-element_type=\"widget\" data-widget_type=\"text-editor.default\">\n\t\t\t\t<div class=\"elementor-widget-container\">\n\t\t\t\t\t\t\t<h3><b>Proceso participativo del I Plan Local de Igualdad<\/b><\/h3><p>El desarrollo del I Plan Local de Igualdad de El Frago es un proceso inclusivo y din\u00e1mico que se desarrolla en cinco fases esenciales, dise\u00f1adas para asegurar la participaci\u00f3n activa de toda la comunidad y la adecuaci\u00f3n del plan a las necesidades reales del municipio:<\/p>\t\t\t\t\t\t<\/div>\n\t\t\t\t<\/div>\n\t\t\t\t\t<\/div>\n\t\t<\/div>\n\t\t\t\t\t\t\t<\/div>\n\t\t<\/section>\n\t\t\t\t<section class=\"elementor-section elementor-top-section elementor-element elementor-element-baa3b27 elementor-section-boxed elementor-section-height-default elementor-section-height-default\" data-id=\"baa3b27\" data-element_type=\"section\">\n\t\t\t\t\t\t<div class=\"elementor-container elementor-column-gap-default\">\n\t\t\t\t\t<div class=\"elementor-column elementor-col-100 elementor-top-column elementor-element elementor-element-2ce5903\" data-id=\"2ce5903\" data-element_type=\"column\">\n\t\t\t<div class=\"elementor-widget-wrap elementor-element-populated\">\n\t\t\t\t\t\t\t\t<div class=\"elementor-element elementor-element-193e5fa elementor-widget elementor-widget-text-editor\" data-id=\"193e5fa\" data-element_type=\"widget\" data-widget_type=\"text-editor.default\">\n\t\t\t\t<div class=\"elementor-widget-container\">\n\t\t\t\t\t\t\t<h4 style=\"font-size: 1.33333rem; font-style: normal; text-align: center;\"><b>Fases del I Plan Local de Igualdad de El Frago<\/b><\/h4>\t\t\t\t\t\t<\/div>\n\t\t\t\t<\/div>\n\t\t\t\t\t<\/div>\n\t\t<\/div>\n\t\t\t\t\t\t\t<\/div>\n\t\t<\/section>\n\t\t\t\t<section class=\"elementor-section elementor-top-section elementor-element elementor-element-33446d5 elementor-section-boxed elementor-section-height-default elementor-section-height-default\" data-id=\"33446d5\" data-element_type=\"section\">\n\t\t\t\t\t\t<div class=\"elementor-container elementor-column-gap-default\">\n\t\t\t\t\t<div class=\"elementor-column elementor-col-33 elementor-top-column elementor-element elementor-element-e1f3934\" data-id=\"e1f3934\" data-element_type=\"column\">\n\t\t\t<div class=\"elementor-widget-wrap elementor-element-populated\">\n\t\t\t\t\t\t\t\t<div class=\"elementor-element elementor-element-182d9be elementor-widget elementor-widget-image\" data-id=\"182d9be\" data-element_type=\"widget\" data-widget_type=\"image.default\">\n\t\t\t\t<div class=\"elementor-widget-container\">\n\t\t\t\t\t\t\t\t\t\t\t\t\t\t\t<img decoding=\"async\" width=\"300\" height=\"234\" src=\"https:\/\/www.elfrago.org\/wp-content\/uploads\/2024\/03\/Diseno-sin-titulo-15-300x234.png\" class=\"attachment-medium size-medium wp-image-2673\" alt=\"Sesi\u00f3n Informativa PLI_ElFrago\" loading=\"lazy\" srcset=\"https:\/\/www.elfrago.org\/wp-content\/uploads\/2024\/03\/Diseno-sin-titulo-15-300x234.png 300w, https:\/\/www.elfrago.org\/wp-content\/uploads\/2024\/03\/Diseno-sin-titulo-15.png 768w\" sizes=\"(max-width: 300px) 100vw, 300px\" \/>\t\t\t\t\t\t\t\t\t\t\t\t\t\t\t<\/div>\n\t\t\t\t<\/div>\n\t\t\t\t<div class=\"elementor-element elementor-element-c8c3332 elementor-widget elementor-widget-spacer\" data-id=\"c8c3332\" data-element_type=\"widget\" data-widget_type=\"spacer.default\">\n\t\t\t\t<div class=\"elementor-widget-container\">\n\t\t\t\t\t<div class=\"elementor-spacer\">\n\t\t\t<div class=\"elementor-spacer-inner\"><\/div>\n\t\t<\/div>\n\t\t\t\t<\/div>\n\t\t\t\t<\/div>\n\t\t\t\t<div class=\"elementor-element elementor-element-3f13ecd elementor-widget elementor-widget-image\" data-id=\"3f13ecd\" data-element_type=\"widget\" data-widget_type=\"image.default\">\n\t\t\t\t<div class=\"elementor-widget-container\">\n\t\t\t\t\t\t\t\t\t\t\t\t\t\t\t<img decoding=\"async\" width=\"300\" height=\"300\" src=\"https:\/\/www.elfrago.org\/wp-content\/uploads\/2024\/07\/Mesa-vetecnica-11-abril-2024--300x300.jpg\" class=\"attachment-medium size-medium wp-image-3451\" alt=\"Mesa t\u00e9cnica 11 abril 2024\" loading=\"lazy\" srcset=\"https:\/\/www.elfrago.org\/wp-content\/uploads\/2024\/07\/Mesa-vetecnica-11-abril-2024--300x300.jpg 300w, https:\/\/www.elfrago.org\/wp-content\/uploads\/2024\/07\/Mesa-vetecnica-11-abril-2024--1024x1024.jpg 1024w, https:\/\/www.elfrago.org\/wp-content\/uploads\/2024\/07\/Mesa-vetecnica-11-abril-2024--150x150.jpg 150w, https:\/\/www.elfrago.org\/wp-content\/uploads\/2024\/07\/Mesa-vetecnica-11-abril-2024--768x768.jpg 768w, https:\/\/www.elfrago.org\/wp-content\/uploads\/2024\/07\/Mesa-vetecnica-11-abril-2024-.jpg 1080w\" sizes=\"(max-width: 300px) 100vw, 300px\" \/>\t\t\t\t\t\t\t\t\t\t\t\t\t\t\t<\/div>\n\t\t\t\t<\/div>\n\t\t\t\t<div class=\"elementor-element elementor-element-0a4bfe0 elementor-widget elementor-widget-image\" data-id=\"0a4bfe0\" data-element_type=\"widget\" data-widget_type=\"image.default\">\n\t\t\t\t<div class=\"elementor-widget-container\">\n\t\t\t\t\t\t\t\t\t\t\t\t\t\t\t<img decoding=\"async\" width=\"300\" height=\"300\" src=\"https:\/\/www.elfrago.org\/wp-content\/uploads\/2024\/07\/Mesa-vecinal-20-abril-2024--300x300.jpg\" class=\"attachment-medium size-medium wp-image-3452\" alt=\"Mesa vecinal 20 abril 2024\" loading=\"lazy\" srcset=\"https:\/\/www.elfrago.org\/wp-content\/uploads\/2024\/07\/Mesa-vecinal-20-abril-2024--300x300.jpg 300w, https:\/\/www.elfrago.org\/wp-content\/uploads\/2024\/07\/Mesa-vecinal-20-abril-2024--1024x1024.jpg 1024w, https:\/\/www.elfrago.org\/wp-content\/uploads\/2024\/07\/Mesa-vecinal-20-abril-2024--150x150.jpg 150w, https:\/\/www.elfrago.org\/wp-content\/uploads\/2024\/07\/Mesa-vecinal-20-abril-2024--768x768.jpg 768w, https:\/\/www.elfrago.org\/wp-content\/uploads\/2024\/07\/Mesa-vecinal-20-abril-2024-.jpg 1080w\" sizes=\"(max-width: 300px) 100vw, 300px\" \/>\t\t\t\t\t\t\t\t\t\t\t\t\t\t\t<\/div>\n\t\t\t\t<\/div>\n\t\t\t\t<div class=\"elementor-element elementor-element-cfb4d42 elementor-widget elementor-widget-spacer\" data-id=\"cfb4d42\" data-element_type=\"widget\" data-widget_type=\"spacer.default\">\n\t\t\t\t<div class=\"elementor-widget-container\">\n\t\t\t\t\t<div class=\"elementor-spacer\">\n\t\t\t<div class=\"elementor-spacer-inner\"><\/div>\n\t\t<\/div>\n\t\t\t\t<\/div>\n\t\t\t\t<\/div>\n\t\t\t\t<div class=\"elementor-element elementor-element-a23df6c elementor-widget elementor-widget-image\" data-id=\"a23df6c\" data-element_type=\"widget\" data-widget_type=\"image.default\">\n\t\t\t\t<div class=\"elementor-widget-container\">\n\t\t\t\t\t\t\t\t\t\t\t\t\t\t\t<img decoding=\"async\" width=\"300\" height=\"300\" src=\"https:\/\/www.elfrago.org\/wp-content\/uploads\/2024\/07\/Sesion-retorno-PLI-19072024-300x300.jpg\" class=\"attachment-medium size-medium wp-image-3439\" alt=\"Sesi\u00f3n retorno PLI 19072024\" loading=\"lazy\" srcset=\"https:\/\/www.elfrago.org\/wp-content\/uploads\/2024\/07\/Sesion-retorno-PLI-19072024-300x300.jpg 300w, https:\/\/www.elfrago.org\/wp-content\/uploads\/2024\/07\/Sesion-retorno-PLI-19072024-1024x1024.jpg 1024w, https:\/\/www.elfrago.org\/wp-content\/uploads\/2024\/07\/Sesion-retorno-PLI-19072024-150x150.jpg 150w, https:\/\/www.elfrago.org\/wp-content\/uploads\/2024\/07\/Sesion-retorno-PLI-19072024-768x768.jpg 768w, https:\/\/www.elfrago.org\/wp-content\/uploads\/2024\/07\/Sesion-retorno-PLI-19072024.jpg 1080w\" sizes=\"(max-width: 300px) 100vw, 300px\" \/>\t\t\t\t\t\t\t\t\t\t\t\t\t\t\t<\/div>\n\t\t\t\t<\/div>\n\t\t\t\t<div class=\"elementor-element elementor-element-21c8a3b elementor-widget elementor-widget-spacer\" data-id=\"21c8a3b\" data-element_type=\"widget\" data-widget_type=\"spacer.default\">\n\t\t\t\t<div class=\"elementor-widget-container\">\n\t\t\t\t\t<div class=\"elementor-spacer\">\n\t\t\t<div class=\"elementor-spacer-inner\"><\/div>\n\t\t<\/div>\n\t\t\t\t<\/div>\n\t\t\t\t<\/div>\n\t\t\t\t<div class=\"elementor-element elementor-element-2bcbfd1 elementor-widget elementor-widget-image\" data-id=\"2bcbfd1\" data-element_type=\"widget\" data-widget_type=\"image.default\">\n\t\t\t\t<div class=\"elementor-widget-container\">\n\t\t\t\t\t\t\t\t\t\t\t\t\t\t\t<img decoding=\"async\" width=\"300\" height=\"300\" src=\"https:\/\/www.elfrago.org\/wp-content\/uploads\/2022\/11\/el-frago-portal-de-transparencia-300x300.jpg\" class=\"attachment-medium size-medium wp-image-1167\" alt=\"\" loading=\"lazy\" srcset=\"https:\/\/www.elfrago.org\/wp-content\/uploads\/2022\/11\/el-frago-portal-de-transparencia-300x300.jpg 300w, https:\/\/www.elfrago.org\/wp-content\/uploads\/2022\/11\/el-frago-portal-de-transparencia-1024x1024.jpg 1024w, https:\/\/www.elfrago.org\/wp-content\/uploads\/2022\/11\/el-frago-portal-de-transparencia-150x150.jpg 150w, https:\/\/www.elfrago.org\/wp-content\/uploads\/2022\/11\/el-frago-portal-de-transparencia-768x768.jpg 768w, https:\/\/www.elfrago.org\/wp-content\/uploads\/2022\/11\/el-frago-portal-de-transparencia.jpg 1080w\" sizes=\"(max-width: 300px) 100vw, 300px\" \/>\t\t\t\t\t\t\t\t\t\t\t\t\t\t\t<\/div>\n\t\t\t\t<\/div>\n\t\t\t\t\t<\/div>\n\t\t<\/div>\n\t\t\t\t<div class=\"elementor-column elementor-col-66 elementor-top-column elementor-element elementor-element-b371c36\" data-id=\"b371c36\" data-element_type=\"column\">\n\t\t\t<div class=\"elementor-widget-wrap elementor-element-populated\">\n\t\t\t\t\t\t\t\t<div class=\"elementor-element elementor-element-94e9125 elementor-widget elementor-widget-spacer\" data-id=\"94e9125\" data-element_type=\"widget\" data-widget_type=\"spacer.default\">\n\t\t\t\t<div class=\"elementor-widget-container\">\n\t\t\t\t\t<div class=\"elementor-spacer\">\n\t\t\t<div class=\"elementor-spacer-inner\"><\/div>\n\t\t<\/div>\n\t\t\t\t<\/div>\n\t\t\t\t<\/div>\n\t\t\t\t<div class=\"elementor-element elementor-element-fbdb2c7 elementor-widget elementor-widget-text-editor\" data-id=\"fbdb2c7\" data-element_type=\"widget\" data-widget_type=\"text-editor.default\">\n\t\t\t\t<div class=\"elementor-widget-container\">\n\t\t\t\t\t\t\t<h4><b>1. Sesi\u00f3n informativa de la iniciativa a la comunidad<\/b><\/h4><ul><li><strong>Objetivo<\/strong>: Informar a la comunidad fragolina sobre los objetivos y la importancia del Plan Local de Igualdad.<\/li><li><strong>Actividades<\/strong>: Presentaci\u00f3n p\u00fablica durante las Jornadas de la Mujer 2024, El Frago.<\/li><li><strong>Fecha:<\/strong>\u00a09 de marzo de 2024<\/li><li><b>Documentaci\u00f3n:<\/b>\u00a0Presentaci\u00f3n Sesi\u00f3n Informativa (proceso, fases y objetivos).<\/li><\/ul>\t\t\t\t\t\t<\/div>\n\t\t\t\t<\/div>\n\t\t\t\t<div class=\"elementor-element elementor-element-60a8eae elementor-widget elementor-widget-spacer\" data-id=\"60a8eae\" data-element_type=\"widget\" data-widget_type=\"spacer.default\">\n\t\t\t\t<div class=\"elementor-widget-container\">\n\t\t\t\t\t<div class=\"elementor-spacer\">\n\t\t\t<div class=\"elementor-spacer-inner\"><\/div>\n\t\t<\/div>\n\t\t\t\t<\/div>\n\t\t\t\t<\/div>\n\t\t\t\t<div class=\"elementor-element elementor-element-70328d2 elementor-widget elementor-widget-text-editor\" data-id=\"70328d2\" data-element_type=\"widget\" data-widget_type=\"text-editor.default\">\n\t\t\t\t<div class=\"elementor-widget-container\">\n\t\t\t\t\t\t\t<h4><b>2. Mesa t\u00e9cnica con profesionales de la comarca<\/b><\/h4><ul><li><strong>Objetivo<\/strong>: Recopilar opiniones y recomendaciones de profesionales en \u00e1reas clave como desarrollo local, servicios sociales, deporte, empresas e inserci\u00f3n laboral.<\/li><li><strong>Actividades<\/strong>: Reuni\u00f3n de trabajo donde las expertas aportaron su conocimiento y experiencia para formular propuestas efectivas y realistas. Tuvo lugar en las instalaciones de Comarca Cinco Villas, Ejea de los Caballeros.<\/li><li style=\"font-size: 15px;\"><span style=\"font-weight: bold;\">Fecha:<\/span>\u00a011 de abril de 2024<\/li><li style=\"font-size: 15px;\"><b>Documentaci\u00f3n:<\/b> Acta Mesa T\u00e9cnica\u00a0<\/li><\/ul>\t\t\t\t\t\t<\/div>\n\t\t\t\t<\/div>\n\t\t\t\t<div class=\"elementor-element elementor-element-3b3e2a6 elementor-widget elementor-widget-spacer\" data-id=\"3b3e2a6\" data-element_type=\"widget\" data-widget_type=\"spacer.default\">\n\t\t\t\t<div class=\"elementor-widget-container\">\n\t\t\t\t\t<div class=\"elementor-spacer\">\n\t\t\t<div class=\"elementor-spacer-inner\"><\/div>\n\t\t<\/div>\n\t\t\t\t<\/div>\n\t\t\t\t<\/div>\n\t\t\t\t<div class=\"elementor-element elementor-element-eee6e2e elementor-widget elementor-widget-text-editor\" data-id=\"eee6e2e\" data-element_type=\"widget\" data-widget_type=\"text-editor.default\">\n\t\t\t\t<div class=\"elementor-widget-container\">\n\t\t\t\t\t\t\t<p><strong><span style=\"color: var(--ast-global-color-2); font-size: 1.33333rem; font-style: inherit; font-family: var( --e-global-typography-text-font-family ), Sans-serif; background-color: var(--ast-global-color-5);\">3. <\/span><\/strong><span style=\"color: var(--ast-global-color-2); font-size: 1.33333rem; font-style: inherit; font-family: var( --e-global-typography-text-font-family ), Sans-serif; background-color: var(--ast-global-color-5);\"><b>Mesa participativa con personas vecinas<\/b><\/span><\/p><ul><li><strong>Objetivo<\/strong>: Incorporar las voces y perspectivas de los ciudadanos en los desaf\u00edos y posibles soluciones que se recogieron en la mesa t\u00e9cnica.\u00a0<\/li><li><strong>Actividades<\/strong>: Taller participativo\u00a0celebrado en el Espacio Creativo &#8220;La Secretar\u00eda&#8221;, El Frago.<\/li><li style=\"font-size: 15px;\"><span style=\"font-weight: bold;\">Fecha:<\/span>\u00a020 de abril de 2024<\/li><li style=\"font-size: 15px;\"><b>Documentaci\u00f3n:<\/b> Acta Taller Vecinal<\/li><\/ul>\t\t\t\t\t\t<\/div>\n\t\t\t\t<\/div>\n\t\t\t\t<div class=\"elementor-element elementor-element-558620e elementor-widget elementor-widget-spacer\" data-id=\"558620e\" data-element_type=\"widget\" data-widget_type=\"spacer.default\">\n\t\t\t\t<div class=\"elementor-widget-container\">\n\t\t\t\t\t<div class=\"elementor-spacer\">\n\t\t\t<div class=\"elementor-spacer-inner\"><\/div>\n\t\t<\/div>\n\t\t\t\t<\/div>\n\t\t\t\t<\/div>\n\t\t\t\t<div class=\"elementor-element elementor-element-fad7331 elementor-widget elementor-widget-text-editor\" data-id=\"fad7331\" data-element_type=\"widget\" data-widget_type=\"text-editor.default\">\n\t\t\t\t<div class=\"elementor-widget-container\">\n\t\t\t\t\t\t\t<h4><b>4. Presentaci\u00f3n de la Propuesta de Plan con acciones en las tres \u00e1reas de trabajo<\/b><\/h4><ul><li style=\"list-style-type: none;\"><ul><li><strong>Objetivo<\/strong>: Dar a conocer las acciones concretas que se quieren implementar en el marco del Plan Local de Igualdad y recoger feedback inicial.<\/li><li><strong>Actividades<\/strong>: Sesi\u00f3n p\u00fablica de presentaci\u00f3n de las medidas propuestas en las \u00e1reas de empleo, igualdad social y participaci\u00f3n comunitaria, facilitando la discusi\u00f3n y el intercambio de opiniones.<\/li><li style=\"font-size: 15px;\"><span style=\"font-weight: bold;\">Fecha:<\/span>\u00a019 de julio de 2024<\/li><li style=\"font-size: 15px;\"><b>Documentaci\u00f3n:<\/b> Borrador I Plan Local de Igualdad &#8211; Borrador Resumen Medidas &#8211; Borrador Valoraci\u00f3n 73 aportaciones<\/li><\/ul><\/li><\/ul>\t\t\t\t\t\t<\/div>\n\t\t\t\t<\/div>\n\t\t\t\t<div class=\"elementor-element elementor-element-c8c1f17 elementor-widget elementor-widget-spacer\" data-id=\"c8c1f17\" data-element_type=\"widget\" data-widget_type=\"spacer.default\">\n\t\t\t\t<div class=\"elementor-widget-container\">\n\t\t\t\t\t<div class=\"elementor-spacer\">\n\t\t\t<div class=\"elementor-spacer-inner\"><\/div>\n\t\t<\/div>\n\t\t\t\t<\/div>\n\t\t\t\t<\/div>\n\t\t\t\t<div class=\"elementor-element elementor-element-8d03085 elementor-widget elementor-widget-text-editor\" data-id=\"8d03085\" data-element_type=\"widget\" data-widget_type=\"text-editor.default\">\n\t\t\t\t<div class=\"elementor-widget-container\">\n\t\t\t\t\t\t\t<h4><b>5. Puesta en marcha con la participaci\u00f3n y retroalimentaci\u00f3n de todas las personas que quieran formar parte de este proyecto<\/b><\/h4><ul><li style=\"list-style-type: none;\"><ul><li style=\"list-style-type: none;\"><ul><li><strong>Objetivo<\/strong>: Implementar las acciones del plan con la colaboraci\u00f3n continua de la comunidad, ajustando y mejorando las intervenciones seg\u00fan los resultados y el feedback recibido.<\/li><li><strong>Actividades<\/strong>: Iniciativas continuas de seguimiento y evaluaci\u00f3n, incluyendo reuniones de revisi\u00f3n y formularios para comentarios y sugerencias.<\/li><li style=\"font-size: 15px;\"><span style=\"font-weight: bold;\">Fecha:<\/span>\u00a0de 2024 a 2027<\/li><li style=\"font-size: 15px;\"><b>Documentaci\u00f3n:<\/b> Se habilitar\u00e1 p\u00e1gina de seguimiento del plan<\/li><\/ul><\/li><\/ul><\/li><\/ul>\t\t\t\t\t\t<\/div>\n\t\t\t\t<\/div>\n\t\t\t\t\t<\/div>\n\t\t<\/div>\n\t\t\t\t\t\t\t<\/div>\n\t\t<\/section>\n\t\t\t\t<section class=\"elementor-section elementor-top-section elementor-element elementor-element-06249bb elementor-section-boxed elementor-section-height-default elementor-section-height-default\" data-id=\"06249bb\" data-element_type=\"section\">\n\t\t\t\t\t\t<div class=\"elementor-container elementor-column-gap-default\">\n\t\t\t\t\t<div class=\"elementor-column elementor-col-100 elementor-top-column elementor-element elementor-element-d05dd55\" data-id=\"d05dd55\" data-element_type=\"column\">\n\t\t\t<div class=\"elementor-widget-wrap elementor-element-populated\">\n\t\t\t\t\t\t\t\t<div class=\"elementor-element elementor-element-b4f04ec elementor-widget elementor-widget-spacer\" data-id=\"b4f04ec\" data-element_type=\"widget\" data-widget_type=\"spacer.default\">\n\t\t\t\t<div class=\"elementor-widget-container\">\n\t\t\t\t\t<div class=\"elementor-spacer\">\n\t\t\t<div class=\"elementor-spacer-inner\"><\/div>\n\t\t<\/div>\n\t\t\t\t<\/div>\n\t\t\t\t<\/div>\n\t\t\t\t\t<\/div>\n\t\t<\/div>\n\t\t\t\t\t\t\t<\/div>\n\t\t<\/section>\n\t\t\t\t<section class=\"elementor-section elementor-top-section elementor-element elementor-element-d2f38b6 elementor-section-boxed elementor-section-height-default elementor-section-height-default\" data-id=\"d2f38b6\" data-element_type=\"section\">\n\t\t\t\t\t\t<div class=\"elementor-container elementor-column-gap-default\">\n\t\t\t\t\t<div class=\"elementor-column elementor-col-100 elementor-top-column elementor-element elementor-element-7d089b0\" data-id=\"7d089b0\" data-element_type=\"column\">\n\t\t\t<div class=\"elementor-widget-wrap elementor-element-populated\">\n\t\t\t\t\t\t\t\t<div class=\"elementor-element elementor-element-865a6cd elementor-widget elementor-widget-text-editor\" data-id=\"865a6cd\" data-element_type=\"widget\" data-widget_type=\"text-editor.default\">\n\t\t\t\t<div class=\"elementor-widget-container\">\n\t\t\t\t\t\t\t<h3><b>Cronograma de implementaci\u00f3n del I Plan Local de Igualdad<\/b><\/h3><p>El \u00e9xito del I Plan Local de Igualdad de El Frago depende de una ejecuci\u00f3n cuidadosamente planificada y una evaluaci\u00f3n continua. A continuaci\u00f3n, se presenta el cronograma que guiar\u00e1 la implementaci\u00f3n del plan a lo largo de los pr\u00f3ximos a\u00f1os:<\/p><table><thead><tr><th><strong>A\u00f1o<\/strong><\/th><th><strong>Actividades<\/strong><\/th><\/tr><\/thead><tbody><tr><td><strong>2024<\/strong><\/td><td><strong>Inicio del Plan<\/strong>: Lanzamiento oficial y sesi\u00f3n informativa a la comunidad.\u00a0<br \/><strong>Desarrollo de mesas t\u00e9cnicas y participativas<\/strong>: Encuentros con profesionales y ciudadanos para la recopilaci\u00f3n de inputs y necesidades.\u00a0<br \/><strong>Presentaci\u00f3n de la Propuesta de Plan<\/strong>: Divulgaci\u00f3n de las acciones iniciales y recolecci\u00f3n de feedback.<br \/><b>Rendici\u00f3n de resultados <\/b>del Plan en <b>el pleno ordinario del 20 de septiembre de 2024<\/b> e <b>implementaci\u00f3n<\/b> de las primeras acciones.<\/td><\/tr><tr><td><strong>2025<\/strong><\/td><td><p><span style=\"font-weight: bold;\">Revisi\u00f3n y ajustes: <\/span>Evaluaci\u00f3n intermedia del plan para realizar ajustes basados en la retroalimentaci\u00f3n recibida y lo resultados preliminares.\u00a0<br \/><span style=\"font-weight: bold;\">Continuaci\u00f3n de la implementaci\u00f3n de acciones: <\/span>Puesta\u00a0\u00a0en marcha de las actividades y medidas ajustadas.\u00a0<\/p><\/td><\/tr><tr><td><strong>2026<\/strong><\/td><td><span style=\"font-weight: bold;\">Seguimiento continuo y participaci\u00f3n activa<\/span>: Implementaci\u00f3n de un proceso de revisi\u00f3n y ajuste continuo, asegurando la adaptabilidad del plan a las nuevas necesidades y circunstancias.<\/td><\/tr><tr><td><strong>2027 y m\u00e1s all\u00e1<\/strong><\/td><td><span style=\"font-weight: bold;\">Evaluaci\u00f3n final del Plan<\/span>: An\u00e1lisis de los impactos y resultados obtenidos.\u00a0<br \/><span style=\"font-weight: bold;\">Ajustes finales y planificaci\u00f3n futura<\/span>: Revisi\u00f3n final y planificaci\u00f3n de futuras acciones continuas basadas en las lecciones aprendidas.<\/td><\/tr><\/tbody><\/table>\t\t\t\t\t\t<\/div>\n\t\t\t\t<\/div>\n\t\t\t\t<div class=\"elementor-element elementor-element-e93248d elementor-widget elementor-widget-spacer\" data-id=\"e93248d\" data-element_type=\"widget\" data-widget_type=\"spacer.default\">\n\t\t\t\t<div class=\"elementor-widget-container\">\n\t\t\t\t\t<div class=\"elementor-spacer\">\n\t\t\t<div class=\"elementor-spacer-inner\"><\/div>\n\t\t<\/div>\n\t\t\t\t<\/div>\n\t\t\t\t<\/div>\n\t\t\t\t\t<\/div>\n\t\t<\/div>\n\t\t\t\t\t\t\t<\/div>\n\t\t<\/section>\n\t\t\t\t<section class=\"elementor-section elementor-top-section elementor-element elementor-element-715f3aa elementor-section-boxed elementor-section-height-default elementor-section-height-default\" data-id=\"715f3aa\" data-element_type=\"section\">\n\t\t\t\t\t\t<div class=\"elementor-container elementor-column-gap-default\">\n\t\t\t\t\t<div class=\"elementor-column elementor-col-100 elementor-top-column elementor-element elementor-element-ea41b25\" data-id=\"ea41b25\" data-element_type=\"column\">\n\t\t\t<div class=\"elementor-widget-wrap elementor-element-populated\">\n\t\t\t\t\t\t\t\t<div class=\"elementor-element elementor-element-696465d elementor-widget elementor-widget-text-editor\" data-id=\"696465d\" data-element_type=\"widget\" data-widget_type=\"text-editor.default\">\n\t\t\t\t<div class=\"elementor-widget-container\">\n\t\t\t\t\t\t\t<h3><b>Vuestra participaci\u00f3n importa<\/b><\/h3><p>Os animamos a involucraros activamente en la <b>implementaci\u00f3n, revisi\u00f3n y mejora<\/b> de este plan. Vuestra participaci\u00f3n y retroalimentaci\u00f3n son esenciales para asegurar que el I Plan Local de Igualdad pase de documento a unas pr\u00e1cticas vivas que evolucionen junto con nuestra comunidad.<\/p>\t\t\t\t\t\t<\/div>\n\t\t\t\t<\/div>\n\t\t\t\t\t<\/div>\n\t\t<\/div>\n\t\t\t\t\t\t\t<\/div>\n\t\t<\/section>\n\t\t\t\t<section class=\"elementor-section elementor-top-section elementor-element elementor-element-edcf171 elementor-section-boxed elementor-section-height-default elementor-section-height-default\" data-id=\"edcf171\" data-element_type=\"section\">\n\t\t\t\t\t\t<div class=\"elementor-container elementor-column-gap-default\">\n\t\t\t\t\t<div class=\"elementor-column elementor-col-100 elementor-top-column elementor-element elementor-element-b223470\" data-id=\"b223470\" data-element_type=\"column\" data-settings=\"{&quot;background_background&quot;:&quot;classic&quot;}\">\n\t\t\t<div class=\"elementor-widget-wrap elementor-element-populated\">\n\t\t\t\t\t\t\t\t<div class=\"elementor-element elementor-element-fada681 elementor-widget elementor-widget-heading\" data-id=\"fada681\" data-element_type=\"widget\" data-widget_type=\"heading.default\">\n\t\t\t\t<div class=\"elementor-widget-container\">\n\t\t\t<h2 class=\"elementor-heading-title elementor-size-default\">Enlaces y documentos de inter\u00e9s <\/h2>\t\t<\/div>\n\t\t\t\t<\/div>\n\t\t\t\t\t<\/div>\n\t\t<\/div>\n\t\t\t\t\t\t\t<\/div>\n\t\t<\/section>\n\t\t\t\t<section class=\"elementor-section elementor-top-section elementor-element elementor-element-a7bfca1 elementor-section-boxed elementor-section-height-default elementor-section-height-default\" data-id=\"a7bfca1\" data-element_type=\"section\">\n\t\t\t\t\t\t<div class=\"elementor-container elementor-column-gap-default\">\n\t\t\t\t\t<div class=\"elementor-column elementor-col-33 elementor-top-column elementor-element elementor-element-0c763c4\" data-id=\"0c763c4\" data-element_type=\"column\" data-settings=\"{&quot;background_background&quot;:&quot;classic&quot;}\">\n\t\t\t<div class=\"elementor-widget-wrap elementor-element-populated\">\n\t\t\t\t\t\t\t\t<div class=\"elementor-element elementor-element-646c54a elementor-view-default elementor-widget elementor-widget-icon\" data-id=\"646c54a\" data-element_type=\"widget\" data-widget_type=\"icon.default\">\n\t\t\t\t<div class=\"elementor-widget-container\">\n\t\t\t\t\t<div class=\"elementor-icon-wrapper\">\n\t\t\t<div class=\"elementor-icon\">\n\t\t\t<i aria-hidden=\"true\" class=\"fas fa-link\"><\/i>\t\t\t<\/div>\n\t\t<\/div>\n\t\t\t\t<\/div>\n\t\t\t\t<\/div>\n\t\t\t\t<div class=\"elementor-element elementor-element-78d2a79 elementor-align-center elementor-widget elementor-widget-button\" data-id=\"78d2a79\" data-element_type=\"widget\" data-widget_type=\"button.default\">\n\t\t\t\t<div class=\"elementor-widget-container\">\n\t\t\t\t\t<div class=\"elementor-button-wrapper\">\n\t\t\t<a class=\"elementor-button elementor-button-link elementor-size-sm\" href=\"https:\/\/gobiernoabierto.aragon.es\/agoab\/participacion\/procesos\/232478173000\" target=\"_blank\">\n\t\t\t\t\t\t<span class=\"elementor-button-content-wrapper\">\n\t\t\t\t\t\t<span class=\"elementor-button-text\">Publicaci\u00f3n Gobierno de Arag\u00f3n (Acceder)<\/span>\n\t\t<\/span>\n\t\t\t\t\t<\/a>\n\t\t<\/div>\n\t\t\t\t<\/div>\n\t\t\t\t<\/div>\n\t\t\t\t\t<\/div>\n\t\t<\/div>\n\t\t\t\t<div class=\"elementor-column elementor-col-33 elementor-top-column elementor-element elementor-element-b5592b7\" data-id=\"b5592b7\" data-element_type=\"column\" data-settings=\"{&quot;background_background&quot;:&quot;classic&quot;}\">\n\t\t\t<div class=\"elementor-widget-wrap elementor-element-populated\">\n\t\t\t\t\t\t\t\t<div class=\"elementor-element elementor-element-aa810cb elementor-view-default elementor-widget elementor-widget-icon\" data-id=\"aa810cb\" data-element_type=\"widget\" data-widget_type=\"icon.default\">\n\t\t\t\t<div class=\"elementor-widget-container\">\n\t\t\t\t\t<div class=\"elementor-icon-wrapper\">\n\t\t\t<div class=\"elementor-icon\">\n\t\t\t<i aria-hidden=\"true\" class=\"far fa-file-pdf\"><\/i>\t\t\t<\/div>\n\t\t<\/div>\n\t\t\t\t<\/div>\n\t\t\t\t<\/div>\n\t\t\t\t<div class=\"elementor-element elementor-element-88fe72b elementor-align-center elementor-widget elementor-widget-button\" data-id=\"88fe72b\" data-element_type=\"widget\" data-widget_type=\"button.default\">\n\t\t\t\t<div class=\"elementor-widget-container\">\n\t\t\t\t\t<div class=\"elementor-button-wrapper\">\n\t\t\t<a class=\"elementor-button elementor-button-link elementor-size-sm\" href=\"https:\/\/www.elfrago.org\/wp-content\/uploads\/2024\/07\/BORRADORIPlanLocalIgualdadELFRAGO.pdf\" target=\"_blank\">\n\t\t\t\t\t\t<span class=\"elementor-button-content-wrapper\">\n\t\t\t\t\t\t<span class=\"elementor-button-text\">I Plan Local de Igualdad (Descargar)<\/span>\n\t\t<\/span>\n\t\t\t\t\t<\/a>\n\t\t<\/div>\n\t\t\t\t<\/div>\n\t\t\t\t<\/div>\n\t\t\t\t<div class=\"elementor-element elementor-element-cb6eff9 elementor-align-center elementor-widget elementor-widget-button\" data-id=\"cb6eff9\" data-element_type=\"widget\" data-widget_type=\"button.default\">\n\t\t\t\t<div class=\"elementor-widget-container\">\n\t\t\t\t\t<div class=\"elementor-button-wrapper\">\n\t\t\t<a class=\"elementor-button elementor-button-link elementor-size-sm\" href=\"https:\/\/www.elfrago.org\/wp-content\/uploads\/2024\/07\/BORRADORResumenMedidasPlanIgualdadElFrago.pdf\" target=\"_blank\">\n\t\t\t\t\t\t<span class=\"elementor-button-content-wrapper\">\n\t\t\t\t\t\t<span class=\"elementor-button-text\">Resumen Medidas  (Descargar)<\/span>\n\t\t<\/span>\n\t\t\t\t\t<\/a>\n\t\t<\/div>\n\t\t\t\t<\/div>\n\t\t\t\t<\/div>\n\t\t\t\t<div class=\"elementor-element elementor-element-0e5dd38 elementor-align-center elementor-widget elementor-widget-button\" data-id=\"0e5dd38\" data-element_type=\"widget\" data-widget_type=\"button.default\">\n\t\t\t\t<div class=\"elementor-widget-container\">\n\t\t\t\t\t<div class=\"elementor-button-wrapper\">\n\t\t\t<a class=\"elementor-button elementor-button-link elementor-size-sm\" href=\"https:\/\/www.elfrago.org\/wp-content\/uploads\/2024\/07\/BORRADORValoracion73Aportaciones.pdf\" target=\"_blank\">\n\t\t\t\t\t\t<span class=\"elementor-button-content-wrapper\">\n\t\t\t\t\t\t<span class=\"elementor-button-text\">Valoraci\u00f3n 73 Aportaciones (Descargar)<\/span>\n\t\t<\/span>\n\t\t\t\t\t<\/a>\n\t\t<\/div>\n\t\t\t\t<\/div>\n\t\t\t\t<\/div>\n\t\t\t\t\t<\/div>\n\t\t<\/div>\n\t\t\t\t<div class=\"elementor-column elementor-col-33 elementor-top-column elementor-element elementor-element-bd9462c\" data-id=\"bd9462c\" data-element_type=\"column\" data-settings=\"{&quot;background_background&quot;:&quot;classic&quot;}\">\n\t\t\t<div class=\"elementor-widget-wrap elementor-element-populated\">\n\t\t\t\t\t\t\t\t<div class=\"elementor-element elementor-element-7abf4f0 elementor-view-default elementor-widget elementor-widget-icon\" data-id=\"7abf4f0\" data-element_type=\"widget\" data-widget_type=\"icon.default\">\n\t\t\t\t<div class=\"elementor-widget-container\">\n\t\t\t\t\t<div class=\"elementor-icon-wrapper\">\n\t\t\t<div class=\"elementor-icon\">\n\t\t\t<i aria-hidden=\"true\" class=\"far fa-file-pdf\"><\/i>\t\t\t<\/div>\n\t\t<\/div>\n\t\t\t\t<\/div>\n\t\t\t\t<\/div>\n\t\t\t\t<div class=\"elementor-element elementor-element-6e3ea89 elementor-align-center elementor-widget elementor-widget-button\" data-id=\"6e3ea89\" data-element_type=\"widget\" data-widget_type=\"button.default\">\n\t\t\t\t<div class=\"elementor-widget-container\">\n\t\t\t\t\t<div class=\"elementor-button-wrapper\">\n\t\t\t<a class=\"elementor-button elementor-button-link elementor-size-sm\" href=\"https:\/\/www.elfrago.org\/wp-content\/uploads\/2024\/07\/SesionInformativaPLI_ElFrago.pdf\" target=\"_blank\">\n\t\t\t\t\t\t<span class=\"elementor-button-content-wrapper\">\n\t\t\t\t\t\t<span class=\"elementor-button-text\">Presentaci\u00f3n Sesi\u00f3n Informativa (Descargar)<\/span>\n\t\t<\/span>\n\t\t\t\t\t<\/a>\n\t\t<\/div>\n\t\t\t\t<\/div>\n\t\t\t\t<\/div>\n\t\t\t\t<div class=\"elementor-element elementor-element-163c68b elementor-align-center elementor-widget elementor-widget-button\" data-id=\"163c68b\" data-element_type=\"widget\" data-widget_type=\"button.default\">\n\t\t\t\t<div class=\"elementor-widget-container\">\n\t\t\t\t\t<div class=\"elementor-button-wrapper\">\n\t\t\t<a class=\"elementor-button elementor-button-link elementor-size-sm\" href=\"https:\/\/www.elfrago.org\/wp-content\/uploads\/2024\/07\/20240411_ActaMesaTecnica.pdf\" target=\"_blank\">\n\t\t\t\t\t\t<span class=\"elementor-button-content-wrapper\">\n\t\t\t\t\t\t<span class=\"elementor-button-text\">Acta Mesa T\u00e9cnica (Descargar)<\/span>\n\t\t<\/span>\n\t\t\t\t\t<\/a>\n\t\t<\/div>\n\t\t\t\t<\/div>\n\t\t\t\t<\/div>\n\t\t\t\t<div class=\"elementor-element elementor-element-9f3595b elementor-align-center elementor-widget elementor-widget-button\" data-id=\"9f3595b\" data-element_type=\"widget\" data-widget_type=\"button.default\">\n\t\t\t\t<div class=\"elementor-widget-container\">\n\t\t\t\t\t<div class=\"elementor-button-wrapper\">\n\t\t\t<a class=\"elementor-button elementor-button-link elementor-size-sm\" href=\"https:\/\/www.elfrago.org\/wp-content\/uploads\/2024\/07\/20240420_ActaTallerCiudadania1.pdf\" target=\"_blank\">\n\t\t\t\t\t\t<span class=\"elementor-button-content-wrapper\">\n\t\t\t\t\t\t<span class=\"elementor-button-text\">Acta Taller Vecinal (Descargar)<\/span>\n\t\t<\/span>\n\t\t\t\t\t<\/a>\n\t\t<\/div>\n\t\t\t\t<\/div>\n\t\t\t\t<\/div>\n\t\t\t\t\t<\/div>\n\t\t<\/div>\n\t\t\t\t\t\t\t<\/div>\n\t\t<\/section>\n\t\t\t\t<section class=\"elementor-section elementor-top-section elementor-element elementor-element-b8ac20d elementor-section-boxed elementor-section-height-default elementor-section-height-default\" data-id=\"b8ac20d\" data-element_type=\"section\">\n\t\t\t\t\t\t<div class=\"elementor-container elementor-column-gap-default\">\n\t\t\t\t\t<div class=\"elementor-column elementor-col-100 elementor-top-column elementor-element elementor-element-37bcd52\" data-id=\"37bcd52\" data-element_type=\"column\" data-settings=\"{&quot;background_background&quot;:&quot;classic&quot;}\">\n\t\t\t<div class=\"elementor-widget-wrap elementor-element-populated\">\n\t\t\t\t\t\t\t\t<div class=\"elementor-element elementor-element-5a95877 elementor-widget elementor-widget-spacer\" data-id=\"5a95877\" data-element_type=\"widget\" data-widget_type=\"spacer.default\">\n\t\t\t\t<div class=\"elementor-widget-container\">\n\t\t\t\t\t<div class=\"elementor-spacer\">\n\t\t\t<div class=\"elementor-spacer-inner\"><\/div>\n\t\t<\/div>\n\t\t\t\t<\/div>\n\t\t\t\t<\/div>\n\t\t\t\t<div class=\"elementor-element elementor-element-267c57a elementor-widget__width-initial elementor-widget elementor-widget-text-editor\" data-id=\"267c57a\" data-element_type=\"widget\" data-widget_type=\"text-editor.default\">\n\t\t\t\t<div class=\"elementor-widget-container\">\n\t\t\t\t\t\t\t<h3><b><i>Lenguaje inclusivo<\/i><\/b><\/h3><p class=\"MsoNormal\" style=\"font-size: 15px; font-weight: 400; margin-bottom: 6pt; color: #7a7a7a; text-align: justify; line-height: 17.25px;\"><span lang=\"ES\" style=\"font-size: 12pt; line-height: 18.4px; font-family: Calibri, sans-serif;\"><i>Con el objetivo de promover la igualdad y la inclusi\u00f3n, cualquier menci\u00f3n de \u201cciudadanos\u201d, \u201cexpertas\u201d, &#8220;todos&#8221; o \u201cjuntos\u201d, entre otras, se entender\u00e1 como referencia a todas las identidades de g\u00e9nero. Se han evitado otras terminaciones con el \u00fanico fin de facilitar y agilizar la lectura. El uso de un lenguaje inclusivo es fundamental para garantizar la igualdad de trato y oportunidades para todas las personas que abarca este plan.\u00a0<\/i><\/span><\/p>\t\t\t\t\t\t<\/div>\n\t\t\t\t<\/div>\n\t\t\t\t<div class=\"elementor-element elementor-element-d47d186 elementor-widget elementor-widget-spacer\" data-id=\"d47d186\" data-element_type=\"widget\" data-widget_type=\"spacer.default\">\n\t\t\t\t<div class=\"elementor-widget-container\">\n\t\t\t\t\t<div class=\"elementor-spacer\">\n\t\t\t<div class=\"elementor-spacer-inner\"><\/div>\n\t\t<\/div>\n\t\t\t\t<\/div>\n\t\t\t\t<\/div>\n\t\t\t\t<div class=\"elementor-element elementor-element-cb01ecf elementor-widget elementor-widget-heading\" data-id=\"cb01ecf\" data-element_type=\"widget\" data-widget_type=\"heading.default\">\n\t\t\t\t<div class=\"elementor-widget-container\">\n\t\t\t<h2 class=\"elementor-heading-title elementor-size-default\">Gracias al apoyo de<\/h2>\t\t<\/div>\n\t\t\t\t<\/div>\n\t\t\t\t\t<\/div>\n\t\t<\/div>\n\t\t\t\t\t\t\t<\/div>\n\t\t<\/section>\n\t\t\t\t<section class=\"elementor-section elementor-top-section elementor-element elementor-element-7c7dbe5 elementor-section-boxed elementor-section-height-default elementor-section-height-default\" data-id=\"7c7dbe5\" data-element_type=\"section\">\n\t\t\t\t\t\t<div class=\"elementor-container elementor-column-gap-default\">\n\t\t\t\t\t<div class=\"elementor-column elementor-col-50 elementor-top-column elementor-element elementor-element-5765a36\" data-id=\"5765a36\" data-element_type=\"column\">\n\t\t\t<div class=\"elementor-widget-wrap elementor-element-populated\">\n\t\t\t\t\t\t\t\t<div class=\"elementor-element elementor-element-01ec6e1 elementor-widget elementor-widget-image\" data-id=\"01ec6e1\" data-element_type=\"widget\" data-widget_type=\"image.default\">\n\t\t\t\t<div class=\"elementor-widget-container\">\n\t\t\t\t\t\t\t\t\t\t\t\t\t\t\t<img decoding=\"async\" width=\"300\" height=\"116\" src=\"https:\/\/www.elfrago.org\/wp-content\/uploads\/2024\/07\/LOGO-LAAAB-texto-sinpunto-300x116.png\" class=\"attachment-medium size-medium wp-image-3443\" alt=\"LAAAB\" loading=\"lazy\" srcset=\"https:\/\/www.elfrago.org\/wp-content\/uploads\/2024\/07\/LOGO-LAAAB-texto-sinpunto-300x116.png 300w, https:\/\/www.elfrago.org\/wp-content\/uploads\/2024\/07\/LOGO-LAAAB-texto-sinpunto-1024x397.png 1024w, https:\/\/www.elfrago.org\/wp-content\/uploads\/2024\/07\/LOGO-LAAAB-texto-sinpunto-768x298.png 768w, https:\/\/www.elfrago.org\/wp-content\/uploads\/2024\/07\/LOGO-LAAAB-texto-sinpunto.png 1128w\" sizes=\"(max-width: 300px) 100vw, 300px\" \/>\t\t\t\t\t\t\t\t\t\t\t\t\t\t\t<\/div>\n\t\t\t\t<\/div>\n\t\t\t\t\t<\/div>\n\t\t<\/div>\n\t\t\t\t<div class=\"elementor-column elementor-col-50 elementor-top-column elementor-element elementor-element-425dd35\" data-id=\"425dd35\" data-element_type=\"column\">\n\t\t\t<div class=\"elementor-widget-wrap elementor-element-populated\">\n\t\t\t\t\t\t\t\t<div class=\"elementor-element elementor-element-e520a81 elementor-widget elementor-widget-image\" data-id=\"e520a81\" data-element_type=\"widget\" data-widget_type=\"image.default\">\n\t\t\t\t<div class=\"elementor-widget-container\">\n\t\t\t\t\t\t\t\t\t\t\t\t\t\t\t<img decoding=\"async\" width=\"768\" height=\"227\" src=\"https:\/\/www.elfrago.org\/wp-content\/uploads\/2024\/07\/2560px-Logotipo_del_Gobierno_de_Aragon.svg-768x227.png\" class=\"attachment-medium_large size-medium_large wp-image-3302\" alt=\"\" loading=\"lazy\" srcset=\"https:\/\/www.elfrago.org\/wp-content\/uploads\/2024\/07\/2560px-Logotipo_del_Gobierno_de_Aragon.svg-768x227.png 768w, https:\/\/www.elfrago.org\/wp-content\/uploads\/2024\/07\/2560px-Logotipo_del_Gobierno_de_Aragon.svg-300x89.png 300w, https:\/\/www.elfrago.org\/wp-content\/uploads\/2024\/07\/2560px-Logotipo_del_Gobierno_de_Aragon.svg-1024x302.png 1024w, https:\/\/www.elfrago.org\/wp-content\/uploads\/2024\/07\/2560px-Logotipo_del_Gobierno_de_Aragon.svg-1536x454.png 1536w, https:\/\/www.elfrago.org\/wp-content\/uploads\/2024\/07\/2560px-Logotipo_del_Gobierno_de_Aragon.svg-2048x605.png 2048w\" sizes=\"(max-width: 768px) 100vw, 768px\" \/>\t\t\t\t\t\t\t\t\t\t\t\t\t\t\t<\/div>\n\t\t\t\t<\/div>\n\t\t\t\t\t<\/div>\n\t\t<\/div>\n\t\t\t\t\t\t\t<\/div>\n\t\t<\/section>\n\t\t\t\t\t\t\t<\/div>\n\t\t","protected":false},"excerpt":{"rendered":"<p>Compromiso colectivo para un futuro m\u00e1s igualitario y pr\u00f3spero En marzo de 2024, la localidad de El Frago se transform\u00f3 en un epicentro de energ\u00eda y compromiso con la celebraci\u00f3n de las &#8220;Jornadas de la Mujer, Mullers d\u2019a Redolada&#8221;. Este evento, que trascendi\u00f3 la mera conmemoraci\u00f3n, se convirti\u00f3 en un espacio vital de reflexi\u00f3n, inspiraci\u00f3n &hellip;<\/p>\n<p class=\"read-more\"> <a class=\"\" href=\"https:\/\/www.elfrago.org\/index.php\/plan-local-igualdad\/\"> <span class=\"screen-reader-text\">I Plan Local de Igualdad<\/span> Leer m\u00e1s &raquo;<\/a><\/p>\n","protected":false},"author":4,"featured_media":0,"parent":0,"menu_order":0,"comment_status":"closed","ping_status":"closed","template":"","meta":{"site-sidebar-layout":"no-sidebar","site-content-layout":"plain-container","ast-global-header-display":"","ast-main-header-display":"","ast-hfb-above-header-display":"","ast-hfb-below-header-display":"","ast-hfb-mobile-header-display":"","site-post-title":"disabled","ast-breadcrumbs-content":"","ast-featured-img":"disabled","footer-sml-layout":"","theme-transparent-header-meta":"default","adv-header-id-meta":"","stick-header-meta":"","header-above-stick-meta":"","header-main-stick-meta":"","header-below-stick-meta":""},"_links":{"self":[{"href":"https:\/\/www.elfrago.org\/index.php\/wp-json\/wp\/v2\/pages\/3244"}],"collection":[{"href":"https:\/\/www.elfrago.org\/index.php\/wp-json\/wp\/v2\/pages"}],"about":[{"href":"https:\/\/www.elfrago.org\/index.php\/wp-json\/wp\/v2\/types\/page"}],"author":[{"embeddable":true,"href":"https:\/\/www.elfrago.org\/index.php\/wp-json\/wp\/v2\/users\/4"}],"replies":[{"embeddable":true,"href":"https:\/\/www.elfrago.org\/index.php\/wp-json\/wp\/v2\/comments?post=3244"}],"version-history":[{"count":145,"href":"https:\/\/www.elfrago.org\/index.php\/wp-json\/wp\/v2\/pages\/3244\/revisions"}],"predecessor-version":[{"id":3725,"href":"https:\/\/www.elfrago.org\/index.php\/wp-json\/wp\/v2\/pages\/3244\/revisions\/3725"}],"wp:attachment":[{"href":"https:\/\/www.elfrago.org\/index.php\/wp-json\/wp\/v2\/media?parent=3244"}],"curies":[{"name":"wp","href":"https:\/\/api.w.org\/{rel}","templated":true}]}}